{"id":6106,"date":"2021-03-30T08:23:21","date_gmt":"2021-03-30T08:23:21","guid":{"rendered":"https:\/\/www.turismoarcos.es\/espacios-culturales\/"},"modified":"2026-04-18T11:52:50","modified_gmt":"2026-04-18T10:52:50","slug":"espacios-culturales","status":"publish","type":"page","link":"https:\/\/www.turismoarcos.es\/de\/espacios-culturales\/","title":{"rendered":"AUSSTELLUNGSR\u00c4UME UND KULTURELLE R\u00c4UME"},"content":{"rendered":"<div class=\"wpb-content-wrapper\"><p>[vc_row full_width=&#8221;stretch_row&#8221; parallax=&#8221;content-moving-fade&#8221; parallax_image=&#8221;3021&#8243; el_id=&#8221;about-us&#8221; dt_color=&#8221;#4dbb67&#8243; dt_color_opacity=&#8221;70&#8243; css=&#8221;.vc_custom_1632124588900{padding-top: 300px !important;padding-bottom: 50px !important;}&#8221;][vc_column width=&#8221;1\/6&#8243;][\/vc_column][vc_column width=&#8221;2\/3&#8243; dt_animation=&#8221;wow fadeInUp&#8221; dt_animation_delay=&#8221;0.3&#8243;]<div class=\"title-center\"><div class=\"dt-title-wrapper section-title-big style-1\"><h2 class=\"section-title\">AUSSTELLUNGSR\u00c4UME UND KULTURELLE R\u00c4UME<\/h2><svg class=\"zigzag\" version=\"1.1\" xmlns=\"http:\/\/www.w3.org\/2000\/svg\" xmlns:xlink=\"http:\/\/www.w3.org\/1999\/xlink\" preserveAspectRatio=\"xMidYMid meet\" viewBox=\"0 0 90 8\" width=\"90\" height=\"8\"><defs><path d=\"M90 8L82.5 0L75 8L67.5 0L60 8L52.5 0L45 8L37.5 0L30 8L22.5 0L15 8L7.5 0L0 8\" id=\"a6L8UcKib\"><\/path><\/defs><g><g><use xlink:href=\"#a6L8UcKib\" opacity=\"1\" fill-opacity=\"0\" stroke=\"#000000\" stroke-width=\"1\" stroke-opacity=\"1\"><\/use><\/g><\/g><\/svg><\/div><\/div>[vc_raw_html]JTNDcCUyMGNsYXNzJTNEJTIybW9yYS1zdWJ0aXRsZSUyMGFsaWduY2VudGVyJTIyJTNFVGllcnJhJTIwZGUlMjB0YWxlbnRvcy4lM0MlMkZwJTNF[\/vc_raw_html][\/vc_column][vc_column width=&#8221;1\/6&#8243;][\/vc_column][\/vc_row][vc_row][vc_column][vc_column_text]<\/p>\r\n<p><!-- \/wp:post-content -->\r\n\r\n<!-- wp:shortcode -->[\/vc_column_text][\/vc_column][\/vc_row][vc_row full_width=&#8221;stretch_row_content_no_spaces&#8221; equal_height=&#8221;yes&#8221;][vc_column width=&#8221;1\/2&#8243; css=&#8221;.vc_custom_1623917498080{padding-top: 150px !important;padding-bottom: 150px !important;background-image: url(http:\/\/nueva.turismoarcos.es\/wp-content\/uploads\/2021\/03\/olivares-veas-2.jpg?id=2185) !important;background-position: center !important;background-repeat: no-repeat !important;background-size: cover !important;}&#8221;][\/vc_column][vc_column width=&#8221;1\/2&#8243; dt_animation=&#8221;wow fadeInUp&#8221; css=&#8221;.vc_custom_1497331211586{padding-top: 100px !important;padding-right: 80px !important;padding-bottom: 80px !important;padding-left: 80px !important;background-color: #fafafa !important;}&#8221; dt_animation_delay=&#8221;0.3&#8243;]<div class=\"title-center\"><div class=\"dt-title-wrapper section-title-big style-1\"><h2 class=\"section-title\">\u201eOLIVARES VEAS\u201c THEATER<\/h2><svg class=\"zigzag\" version=\"1.1\" xmlns=\"http:\/\/www.w3.org\/2000\/svg\" xmlns:xlink=\"http:\/\/www.w3.org\/1999\/xlink\" preserveAspectRatio=\"xMidYMid meet\" viewBox=\"0 0 90 8\" width=\"90\" height=\"8\"><defs><path d=\"M90 8L82.5 0L75 8L67.5 0L60 8L52.5 0L45 8L37.5 0L30 8L22.5 0L15 8L7.5 0L0 8\" id=\"a6L8UcKib\"><\/path><\/defs><g><g><use xlink:href=\"#a6L8UcKib\" opacity=\"1\" fill-opacity=\"0\" stroke=\"#000000\" stroke-width=\"1\" stroke-opacity=\"1\"><\/use><\/g><\/g><\/svg><\/div><\/div>[vc_column_text]<\/p>\r\n<p style=\"text-align: justify;\">Der Bau begann 1910 mit Pl\u00e4nen von Herr Jos\u00e9 Olivares Veas und Herr Manuel Garc\u00eda Soria und endete in 1912. Es wurde mehrmals renoviert und ist heute einer der Orte mit den meisten kulturellen Aktivit\u00e4ten. Anfang der 1990er Jahre begann die Restaurierung des Geb\u00e4udes: Es wurde am 15. M\u00e4rz 1994 von K\u00f6nigin Sofia eingeweiht.<\/p>\r\n<p style=\"text-align: justify;\">Ort: C\/ Olivares Veas,1<\/p>\r\n<p style=\"text-align: justify;\">\u00d6ffnungszeiten: Je nach Programm.<\/p>\r\n<p style=\"text-align: justify;\">Auskunft: Kulturamt der Stadt: Telefonnummer: 956 70 30 13 \/ cultura@arcosdelafrontera<\/p>\r\n<p>[\/vc_column_text][vc_empty_space height=&#8221;40px&#8221;]<div id=\"dt-gallery-fef\" class=\"delicious-gallery-wrapper\" data-token=\"pHbh8\"><ul class=\"delicious-gallery isotope dt-gallery is-grid dt-gap-20\"><li class=\"delicious-gallery-item  \"><a class=\"not-link dt-lightbox-gallery\" title=\"Teatro OLIVARES VEAS\" href=\"https:\/\/www.turismoarcos.es\/wp-content\/uploads\/2021\/03\/olivares-veas-6.jpg\"><img loading=\"lazy\" decoding=\"async\" class=\"no-lazy\" src=\"https:\/\/www.turismoarcos.es\/wp-content\/uploads\/2021\/03\/olivares-veas-6-490x380.jpg\" width=\"800\" height=\"533\" alt=\"Teatro OLIVARES VEAS\" \/><div class=\"delicious-gallery-on-hover\"><span class=\"is-alt-text\">Teatro OLIVARES VEAS<\/span><\/div><\/a><\/li><li class=\"delicious-gallery-item  \"><a class=\"not-link dt-lightbox-gallery\" title=\"Teatro OLIVARES VEAS\" href=\"https:\/\/www.turismoarcos.es\/wp-content\/uploads\/2021\/03\/olivares-veas-5.jpg\"><img loading=\"lazy\" decoding=\"async\" class=\"no-lazy\" src=\"https:\/\/www.turismoarcos.es\/wp-content\/uploads\/2021\/03\/olivares-veas-5-490x380.jpg\" width=\"800\" height=\"533\" alt=\"Teatro OLIVARES VEAS\" \/><div class=\"delicious-gallery-on-hover\"><span class=\"is-alt-text\">Teatro OLIVARES VEAS<\/span><\/div><\/a><\/li><li class=\"delicious-gallery-item  \"><a class=\"not-link dt-lightbox-gallery\" title=\"Teatro OLIVARES VEAS\" href=\"https:\/\/www.turismoarcos.es\/wp-content\/uploads\/2021\/03\/olivares-veas-4.jpg\"><img loading=\"lazy\" decoding=\"async\" class=\"no-lazy\" src=\"https:\/\/www.turismoarcos.es\/wp-content\/uploads\/2021\/03\/olivares-veas-4-490x380.jpg\" width=\"800\" height=\"533\" alt=\"Teatro OLIVARES VEAS\" \/><div class=\"delicious-gallery-on-hover\"><span class=\"is-alt-text\">Teatro OLIVARES VEAS<\/span><\/div><\/a><\/li><li class=\"delicious-gallery-item  \"><a class=\"not-link dt-lightbox-gallery\" title=\"Teatro OLIVARES VEAS\" href=\"https:\/\/www.turismoarcos.es\/wp-content\/uploads\/2021\/03\/olivares-veas-3.jpg\"><img loading=\"lazy\" decoding=\"async\" class=\"no-lazy\" src=\"https:\/\/www.turismoarcos.es\/wp-content\/uploads\/2021\/03\/olivares-veas-3-490x380.jpg\" width=\"800\" height=\"533\" alt=\"Teatro OLIVARES VEAS\" \/><div class=\"delicious-gallery-on-hover\"><span class=\"is-alt-text\">Teatro OLIVARES VEAS<\/span><\/div><\/a><\/li><li class=\"delicious-gallery-item  \"><a class=\"not-link dt-lightbox-gallery\" title=\"Teatro OLIVARES VEAS\" href=\"https:\/\/www.turismoarcos.es\/wp-content\/uploads\/2021\/03\/olivares-veas-2.jpg\"><img loading=\"lazy\" decoding=\"async\" class=\"no-lazy\" src=\"https:\/\/www.turismoarcos.es\/wp-content\/uploads\/2021\/03\/olivares-veas-2-490x380.jpg\" width=\"800\" height=\"533\" alt=\"Teatro OLIVARES VEAS\" \/><div class=\"delicious-gallery-on-hover\"><span class=\"is-alt-text\">Teatro OLIVARES VEAS<\/span><\/div><\/a><\/li><li class=\"delicious-gallery-item  \"><a class=\"not-link dt-lightbox-gallery\" title=\"Teatro OLIVARES VEAS\" href=\"https:\/\/www.turismoarcos.es\/wp-content\/uploads\/2021\/03\/olivares-veas-1.jpg\"><img loading=\"lazy\" decoding=\"async\" class=\"no-lazy\" src=\"https:\/\/www.turismoarcos.es\/wp-content\/uploads\/2021\/03\/olivares-veas-1-490x380.jpg\" width=\"800\" height=\"533\" alt=\"Teatro OLIVARES VEAS\" \/><div class=\"delicious-gallery-on-hover\"><span class=\"is-alt-text\">Teatro OLIVARES VEAS<\/span><\/div><\/a><\/li><\/ul><\/div>[\/vc_column][\/vc_row][vc_row][vc_column][vc_empty_space][vc_separator color=&#8221;green&#8221;][\/vc_column][\/vc_row][vc_row full_width=&#8221;stretch_row_content_no_spaces&#8221; equal_height=&#8221;yes&#8221;][vc_column width=&#8221;1\/2&#8243; css=&#8221;.vc_custom_1623915259339{padding-top: 150px !important;padding-bottom: 150px !important;background-image: url(http:\/\/nueva.turismoarcos.es\/wp-content\/uploads\/2021\/03\/capilla-de-la-misericordia-1.jpg?id=1964) !important;background-position: center !important;background-repeat: no-repeat !important;background-size: cover !important;}&#8221;][\/vc_column][vc_column width=&#8221;1\/2&#8243; dt_animation=&#8221;wow fadeInUp&#8221; css=&#8221;.vc_custom_1497331211586{padding-top: 100px !important;padding-right: 80px !important;padding-bottom: 80px !important;padding-left: 80px !important;background-color: #fafafa !important;}&#8221; dt_animation_delay=&#8221;0.3&#8243;]<div class=\"title-center\"><div class=\"dt-title-wrapper section-title-big style-1\"><h2 class=\"section-title\">Misericordia Kapelle<\/h2><svg class=\"zigzag\" version=\"1.1\" xmlns=\"http:\/\/www.w3.org\/2000\/svg\" xmlns:xlink=\"http:\/\/www.w3.org\/1999\/xlink\" preserveAspectRatio=\"xMidYMid meet\" viewBox=\"0 0 90 8\" width=\"90\" height=\"8\"><defs><path d=\"M90 8L82.5 0L75 8L67.5 0L60 8L52.5 0L45 8L37.5 0L30 8L22.5 0L15 8L7.5 0L0 8\" id=\"a6L8UcKib\"><\/path><\/defs><g><g><use xlink:href=\"#a6L8UcKib\" opacity=\"1\" fill-opacity=\"0\" stroke=\"#000000\" stroke-width=\"1\" stroke-opacity=\"1\"><\/use><\/g><\/g><\/svg><\/div><\/div>[vc_column_text]<\/p>\r\n<p style=\"text-align: justify;\">Die Kapelle wurde 1490 vom Marquis von C\u00e1diz als Kinderheim, Frauenhaus und Krankenhaus gegr\u00fcndet.\u00a0 Beachten Sie das Portal im anmutigen gotischen Stil.<\/p>\r\n<p style=\"text-align: justify;\">Zur Zeit ist es ein Ausstellungszentrum.<\/p>\r\n<p style=\"text-align: justify;\">Lage: N\u00fa\u00f1ez del Prado Stra\u00dfe, 5<\/p>\r\n<p style=\"text-align: justify;\">Besuchszeiten: Je nach Programm.<\/p>\r\n<p style=\"text-align: justify;\">Auskunft: Kulturamt der Stadt: Telefonnummer: +34 956 70 30 13 \/ cultura@arcosdelafrontera.es<\/p>\r\n<p>&nbsp;<\/p>\r\n<p>[\/vc_column_text][vc_empty_space height=&#8221;40px&#8221;]<div id=\"dt-gallery-cad\" class=\"delicious-gallery-wrapper\" data-token=\"zfIhz\"><ul class=\"delicious-gallery isotope dt-gallery is-grid dt-gap-20\"><li class=\"delicious-gallery-item  \"><a class=\"not-link dt-lightbox-gallery\" title=\"Capilla de la Misericordia\" href=\"https:\/\/www.turismoarcos.es\/wp-content\/uploads\/2021\/03\/misericordia.jpg\"><img loading=\"lazy\" decoding=\"async\" class=\"no-lazy\" src=\"https:\/\/www.turismoarcos.es\/wp-content\/uploads\/2021\/03\/misericordia-490x380.jpg\" width=\"300\" height=\"300\" alt=\"Capilla de la Misericordia\" \/><div class=\"delicious-gallery-on-hover\"><span class=\"is-alt-text\">Capilla de la Misericordia<\/span><\/div><\/a><\/li><li class=\"delicious-gallery-item  \"><a class=\"not-link dt-lightbox-gallery\" title=\"\" href=\"https:\/\/www.turismoarcos.es\/wp-content\/uploads\/2021\/03\/banner_Misericordia.jpg\"><img loading=\"lazy\" decoding=\"async\" class=\"no-lazy\" src=\"https:\/\/www.turismoarcos.es\/wp-content\/uploads\/2021\/03\/banner_Misericordia-490x380.jpg\" width=\"1024\" height=\"487\" alt=\"\" \/><div class=\"delicious-gallery-on-hover\"><svg version=\"1.1\" x=\"0px\" y=\"0px\" viewBox=\"0 0 100 125\"><g transform=\"translate(0,-952.36218)\"><path style=\"font-size:medium;font-style:normal;font-variant:normal;font-weight:normal;font-stretch:normal;text-indent:0;text-align:start;text-decoration:none;line-height:normal;letter-spacing:normal;word-spacing:normal;text-transform:none;direction:ltr;block-progression:tb;writing-mode:lr-tb;text-anchor:start;baseline-shift:baseline;opacity:1;color:#000000;fill:#000000;fill-opacity:1;stroke:none;stroke-width:2;marker:none;visibility:visible;display:inline;overflow:visible;enable-background:accumulate;font-family:Sans;-inkscape-font-specification:Sans\" d=\"M 49.875 6.96875 A 1.0001 1.0001 0 0 0 49 8 L 49 49 L 8 49 A 1.0001 1.0001 0 0 0 7.8125 49 A 1.0043849 1.0043849 0 0 0 8 51 L 49 51 L 49 92 A 1.0001 1.0001 0 1 0 51 92 L 51 51 L 92 51 A 1.0001 1.0001 0 1 0 92 49 L 51 49 L 51 8 A 1.0001 1.0001 0 0 0 49.875 6.96875 z \" transform=\"translate(0,952.36218)\"\/><\/g><\/svg><\/div><\/a><\/li><li class=\"delicious-gallery-item  \"><a class=\"not-link dt-lightbox-gallery\" title=\"Capilla de la Misericordia\" href=\"https:\/\/www.turismoarcos.es\/wp-content\/uploads\/2021\/03\/capilla-de-la-misericordia-4.jpg\"><img loading=\"lazy\" decoding=\"async\" class=\"no-lazy\" src=\"https:\/\/www.turismoarcos.es\/wp-content\/uploads\/2021\/03\/capilla-de-la-misericordia-4-490x380.jpg\" width=\"800\" height=\"600\" alt=\"Capilla de la Misericordia\" \/><div class=\"delicious-gallery-on-hover\"><span class=\"is-alt-text\">Capilla de la Misericordia<\/span><\/div><\/a><\/li><li class=\"delicious-gallery-item  \"><a class=\"not-link dt-lightbox-gallery\" title=\"Capilla de la Misericordia\" href=\"https:\/\/www.turismoarcos.es\/wp-content\/uploads\/2021\/03\/capilla-de-la-misericordia-1.jpg\"><img loading=\"lazy\" decoding=\"async\" class=\"no-lazy\" src=\"https:\/\/www.turismoarcos.es\/wp-content\/uploads\/2021\/03\/capilla-de-la-misericordia-1-490x380.jpg\" width=\"533\" height=\"800\" alt=\"Capilla de la Misericordia\" \/><div class=\"delicious-gallery-on-hover\"><span class=\"is-alt-text\">Capilla de la Misericordia<\/span><\/div><\/a><\/li><li class=\"delicious-gallery-item  \"><a class=\"not-link dt-lightbox-gallery\" title=\"Capilla de la Misericordia\" href=\"https:\/\/www.turismoarcos.es\/wp-content\/uploads\/2021\/03\/capilla-de-la-misericordia-2.jpg\"><img loading=\"lazy\" decoding=\"async\" class=\"no-lazy\" src=\"https:\/\/www.turismoarcos.es\/wp-content\/uploads\/2021\/03\/capilla-de-la-misericordia-2-490x380.jpg\" width=\"599\" height=\"800\" alt=\"Capilla de la Misericordia\" \/><div class=\"delicious-gallery-on-hover\"><span class=\"is-alt-text\">Capilla de la Misericordia<\/span><\/div><\/a><\/li><li class=\"delicious-gallery-item  \"><a class=\"not-link dt-lightbox-gallery\" title=\"Capilla de la Misericordia\" href=\"https:\/\/www.turismoarcos.es\/wp-content\/uploads\/2021\/03\/capilla-de-la-misericordia-3.jpg\"><img loading=\"lazy\" decoding=\"async\" class=\"no-lazy\" src=\"https:\/\/www.turismoarcos.es\/wp-content\/uploads\/2021\/03\/capilla-de-la-misericordia-3-490x380.jpg\" width=\"800\" height=\"600\" alt=\"Capilla de la Misericordia\" \/><div class=\"delicious-gallery-on-hover\"><span class=\"is-alt-text\">Capilla de la Misericordia<\/span><\/div><\/a><\/li><\/ul><\/div>[\/vc_column][\/vc_row][vc_row][vc_column][vc_empty_space][vc_separator color=&#8221;green&#8221;][\/vc_column][\/vc_row][vc_row full_width=&#8221;stretch_row_content_no_spaces&#8221; equal_height=&#8221;yes&#8221;][vc_column width=&#8221;1\/2&#8243; css=&#8221;.vc_custom_1623915577822{padding-top: 150px !important;padding-bottom: 150px !important;background-image: url(http:\/\/nueva.turismoarcos.es\/wp-content\/uploads\/2021\/03\/san-miguel_01.jpg?id=1904) !important;background-position: center !important;background-repeat: no-repeat !important;background-size: cover !important;}&#8221;][\/vc_column][vc_column width=&#8221;1\/2&#8243; dt_animation=&#8221;wow fadeInUp&#8221; css=&#8221;.vc_custom_1497331211586{padding-top: 100px !important;padding-right: 80px !important;padding-bottom: 80px !important;padding-left: 80px !important;background-color: #fafafa !important;}&#8221; dt_animation_delay=&#8221;0.3&#8243;]<div class=\"title-center\"><div class=\"dt-title-wrapper section-title-big style-1\"><h2 class=\"section-title\">San Miguel Kirche<\/h2><svg class=\"zigzag\" version=\"1.1\" xmlns=\"http:\/\/www.w3.org\/2000\/svg\" xmlns:xlink=\"http:\/\/www.w3.org\/1999\/xlink\" preserveAspectRatio=\"xMidYMid meet\" viewBox=\"0 0 90 8\" width=\"90\" height=\"8\"><defs><path d=\"M90 8L82.5 0L75 8L67.5 0L60 8L52.5 0L45 8L37.5 0L30 8L22.5 0L15 8L7.5 0L0 8\" id=\"a6L8UcKib\"><\/path><\/defs><g><g><use xlink:href=\"#a6L8UcKib\" opacity=\"1\" fill-opacity=\"0\" stroke=\"#000000\" stroke-width=\"1\" stroke-opacity=\"1\"><\/use><\/g><\/g><\/svg><\/div><\/div>[vc_column_text]<\/p>\r\n<p style=\"text-align: justify;\">Bis zum 15. Jahrhundert war es eine muslimische Festung auf einem H\u00fcgel und wurde zur Einsiedelei des heiligen Michael. Es war auch ein Waisenhaus f\u00fcr M\u00e4dchen und eine Kirche.\u00a0 Heute wird es nicht mehr als Kirche genutzt, sondern als Ausstellungszentrum.<\/p>\r\n<p style=\"text-align: justify;\">Ort: C\/Corredera.<\/p>\r\n<p style=\"text-align: justify;\">Besuchszeiten: In Restaurierung<\/p>\r\n<p style=\"text-align: justify;\">Auskunft: Telefonnummer des Kulturamts: 956 70 30 13 \/ cultura@arcosdelafrontera<\/p>\r\n<p>[\/vc_column_text][vc_empty_space height=&#8221;40px&#8221;]<div id=\"dt-gallery-cfe\" class=\"delicious-gallery-wrapper\" data-token=\"A7BHG\"><ul class=\"delicious-gallery isotope dt-gallery is-grid dt-gap-20\"><li class=\"delicious-gallery-item  \"><a class=\"not-link dt-lightbox-gallery\" title=\"Iglesia de San Miguel\" href=\"https:\/\/www.turismoarcos.es\/wp-content\/uploads\/2021\/03\/san-miguel_02.jpg\"><img loading=\"lazy\" decoding=\"async\" class=\"no-lazy\" src=\"https:\/\/www.turismoarcos.es\/wp-content\/uploads\/2021\/03\/san-miguel_02-490x380.jpg\" width=\"800\" height=\"533\" alt=\"Iglesia de San Miguel\" \/><div class=\"delicious-gallery-on-hover\"><span class=\"is-alt-text\">Iglesia de San Miguel<\/span><\/div><\/a><\/li><li class=\"delicious-gallery-item  \"><a class=\"not-link dt-lightbox-gallery\" title=\"Iglesia de San Miguel\" href=\"https:\/\/www.turismoarcos.es\/wp-content\/uploads\/2021\/03\/san-miguel_01.jpg\"><img loading=\"lazy\" decoding=\"async\" class=\"no-lazy\" src=\"https:\/\/www.turismoarcos.es\/wp-content\/uploads\/2021\/03\/san-miguel_01-490x380.jpg\" width=\"800\" height=\"533\" alt=\"Iglesia de San Miguel\" \/><div class=\"delicious-gallery-on-hover\"><span class=\"is-alt-text\">Iglesia de San Miguel<\/span><\/div><\/a><\/li><li class=\"delicious-gallery-item  \"><a class=\"not-link dt-lightbox-gallery\" title=\"Iglesia de San Miguel\" href=\"https:\/\/www.turismoarcos.es\/wp-content\/uploads\/2021\/03\/san-miguel_03.jpg\"><img loading=\"lazy\" decoding=\"async\" class=\"no-lazy\" src=\"https:\/\/www.turismoarcos.es\/wp-content\/uploads\/2021\/03\/san-miguel_03-490x380.jpg\" width=\"533\" height=\"800\" alt=\"Iglesia de San Miguel\" \/><div class=\"delicious-gallery-on-hover\"><span class=\"is-alt-text\">Iglesia de San Miguel<\/span><\/div><\/a><\/li><\/ul><\/div>[\/vc_column][\/vc_row][vc_row][vc_column][vc_empty_space][vc_separator color=&#8221;green&#8221;][\/vc_column][\/vc_row][vc_row full_width=&#8221;stretch_row_content_no_spaces&#8221; equal_height=&#8221;yes&#8221;][vc_column width=&#8221;1\/2&#8243; css=&#8221;.vc_custom_1632138210818{padding-top: 150px !important;padding-bottom: 150px !important;background-image: url(http:\/\/nueva.turismoarcos.es\/wp-content\/uploads\/2021\/09\/VictorMarin01.jpg?id=3081) !important;background-position: center !important;background-repeat: no-repeat !important;background-size: cover !important;}&#8221;][\/vc_column][vc_column width=&#8221;1\/2&#8243; dt_animation=&#8221;wow fadeInUp&#8221; css=&#8221;.vc_custom_1497331211586{padding-top: 100px !important;padding-right: 80px !important;padding-bottom: 80px !important;padding-left: 80px !important;background-color: #fafafa !important;}&#8221; dt_animation_delay=&#8221;0.3&#8243;]<div class=\"title-center\"><div class=\"dt-title-wrapper section-title-big style-1\"><h2 class=\"section-title\">\u201eV\u00edctor Mar\u00edn\u201c Stiftung<\/h2><svg class=\"zigzag\" version=\"1.1\" xmlns=\"http:\/\/www.w3.org\/2000\/svg\" xmlns:xlink=\"http:\/\/www.w3.org\/1999\/xlink\" preserveAspectRatio=\"xMidYMid meet\" viewBox=\"0 0 90 8\" width=\"90\" height=\"8\"><defs><path d=\"M90 8L82.5 0L75 8L67.5 0L60 8L52.5 0L45 8L37.5 0L30 8L22.5 0L15 8L7.5 0L0 8\" id=\"a6L8UcKib\"><\/path><\/defs><g><g><use xlink:href=\"#a6L8UcKib\" opacity=\"1\" fill-opacity=\"0\" stroke=\"#000000\" stroke-width=\"1\" stroke-opacity=\"1\"><\/use><\/g><\/g><\/svg><\/div><\/div>[vc_column_text css=&#8221;&#8221;]<\/p>\r\n<p style=\"text-align: justify;\">Die Stiftung V\u00edctor Mar\u00edn sammelt das fotografische, dokumentarische und literarische Erbe von V\u00edctor Mar\u00edn Solano.<\/p>\r\n<p style=\"text-align: justify;\">Zweck dieser Stiftung ist die Inventarisierung, Digitalisierung, Bewahrung und Bekanntmachung dieses kulturellen Erbes, das f\u00fcr die Kenntnis der graphischen Geschichte unserer Stadt durch Ausstellungen, Ver\u00f6ffentlichungen usw. unentbehrlich ist, sowie die F\u00f6rderung der Liebe zur Fotografie durch die Schaffung des Fotopreises &#8220;V\u00edctor Mar\u00edn&#8221; und des Preises f\u00fcr Schulfotografie &#8220;V\u00edctor Mar\u00edn&#8221;.<\/p>\r\n<p style=\"text-align: justify;\">Solano Mar\u00edn wurde in 1911 in Valtierra (Navarra) geboren. Er lie\u00df sich in Arcos als Chemiker nieder, den er bis zu seiner Pensionierung 1984 aus\u00fcbte. Neben seinem Beruf widmete er sein ganzes Leben anderen Aktivit\u00e4ten zur F\u00f6rderung von Arcos Kunst und Kultur. Am 9. Dezember 1982 wurde er zum Ehrenb\u00fcrger der Stadt f\u00fcr seine menschliche Qualit\u00e4t und seinen Beitrag zu Gunsten von Arcos und seiner Kultur ernannt.<\/p>\r\n<p style=\"text-align: justify;\">\u00a0Ort: Calle San Pedro, 2 (Palacio del Mayorazgo)<\/p>\r\n<p style=\"text-align: justify;\"><strong>BESUCHSZEITEN<\/strong>:<\/p>\r\n<p style=\"text-align: justify;\"><span class=\"Y2IQFc\" lang=\"de\">Montag:\u00a0 \u00a0 \u00a0 \u00a0 \u00a0 \u00a0 \u00a0 \u00a0 \u00a0 \u00a0 \u00a0 \u00a0 \u00a0 \u00a0 \u00a0 \u00a0 \u00a0 \u00a0 \u00a0 10:00 bis 14:30 Uhr<\/span><\/p>\r\n<p style=\"text-align: justify;\"><span class=\"Y2IQFc\" lang=\"de\">Dienstag bis Samstag:\u00a0 \u00a0 \u00a0 \u00a0 \u00a0 \u00a0 \u00a0 \u00a0 \u00a0 9<\/span><span class=\"Y2IQFc\" lang=\"fr\">:00 bis 19:30 Uhr<\/span><\/p>\r\n<p>Sonntag:\u00a0 \u00a0 \u00a0 \u00a0 \u00a0 \u00a0 \u00a0 \u00a0 \u00a0 \u00a0 \u00a0 \u00a0 \u00a0 \u00a0 \u00a0 \u00a0 \u00a0 \u00a0 \u00a0 10:00 bis 14:30 Uhr<\/p>\r\n<p>Frei<\/p>\r\n<p>&nbsp;<\/p>\r\n<p style=\"text-align: justify;\">Auskunft: Kulturamt der Stadt: Telefonnummer: +34 956 70 30 13 \/ cultura@arcosdelafrontera.es<\/p>\r\n<p>[\/vc_column_text][vc_empty_space height=&#8221;40px&#8221;][\/vc_column][\/vc_row][vc_row][vc_column][vc_empty_space][vc_separator color=&#8221;green&#8221;][\/vc_column][\/vc_row][vc_row full_width=&#8221;stretch_row_content_no_spaces&#8221; equal_height=&#8221;yes&#8221;][vc_column width=&#8221;1\/2&#8243; css=&#8221;.vc_custom_1623842567951{padding-top: 150px !important;padding-bottom: 150px !important;background-image: url(http:\/\/nueva.turismoarcos.es\/wp-content\/uploads\/2021\/03\/ARCOS.2-191.jpg?id=2156) !important;background-position: center !important;background-repeat: no-repeat !important;background-size: cover !important;}&#8221;][\/vc_column][vc_column width=&#8221;1\/2&#8243; dt_animation=&#8221;wow fadeInUp&#8221; css=&#8221;.vc_custom_1497331211586{padding-top: 100px !important;padding-right: 80px !important;padding-bottom: 80px !important;padding-left: 80px !important;background-color: #fafafa !important;}&#8221; dt_animation_delay=&#8221;0.3&#8243;]<div class=\"title-center\"><div class=\"dt-title-wrapper section-title-big style-1\"><h2 class=\"section-title\">PINAKOTHEK<\/h2><svg class=\"zigzag\" version=\"1.1\" xmlns=\"http:\/\/www.w3.org\/2000\/svg\" xmlns:xlink=\"http:\/\/www.w3.org\/1999\/xlink\" preserveAspectRatio=\"xMidYMid meet\" viewBox=\"0 0 90 8\" width=\"90\" height=\"8\"><defs><path d=\"M90 8L82.5 0L75 8L67.5 0L60 8L52.5 0L45 8L37.5 0L30 8L22.5 0L15 8L7.5 0L0 8\" id=\"a6L8UcKib\"><\/path><\/defs><g><g><use xlink:href=\"#a6L8UcKib\" opacity=\"1\" fill-opacity=\"0\" stroke=\"#000000\" stroke-width=\"1\" stroke-opacity=\"1\"><\/use><\/g><\/g><\/svg><\/div><\/div>[vc_column_text css=&#8221;&#8221;]<\/p>\r\n<p style=\"text-align: justify;\">Auf der R\u00fcckseite des Palastes Mayorazgo befindet sich eine st\u00e4dtische Kunstgalerie, die Werke lokaler K\u00fcnstler und die ersten Preise des Malwettbewerbs \u201eCiudad de Arcos\u201c (Arcos Stadt) sammelt.<\/p>\r\n<p style=\"text-align: justify;\">Lage: Maldonado Stra\u00dfe, 11<\/p>\r\n<p style=\"text-align: justify;\"><strong>BESUCHSZEITEN<\/strong>:<\/p>\r\n<p style=\"text-align: justify;\"><span class=\"Y2IQFc\" lang=\"de\">Montag:\u00a0 \u00a0 \u00a0 \u00a0 \u00a0 \u00a0 \u00a0 \u00a0 \u00a0 \u00a0 \u00a0 \u00a0 \u00a0 \u00a0 \u00a0 \u00a0 \u00a0 \u00a0 \u00a010:00 bis 14:30 Uhr<\/span><\/p>\r\n<p style=\"text-align: justify;\"><span class=\"Y2IQFc\" lang=\"de\">Dienstag bis Samstag:\u00a0 \u00a0 \u00a0 \u00a0 \u00a0 \u00a0 \u00a0 \u00a09<\/span><span class=\"Y2IQFc\" lang=\"fr\">:00 bis 19:30 Uhr<\/span><\/p>\r\n<p>Sonntag:\u00a0 \u00a0 \u00a0 \u00a0 \u00a0 \u00a0 \u00a0 \u00a0 \u00a0 \u00a0 \u00a0 \u00a0 \u00a0 \u00a0 \u00a0 \u00a0 \u00a0 \u00a0 10:00 bis 14:30 Uhr<\/p>\r\n<p>&nbsp;<\/p>\r\n<p>Frei<\/p>\r\n<p>&nbsp;<\/p>\r\n<p style=\"text-align: justify;\">Auskunft: Kulturamt der Stadt: Telefonnummer: +34 956 70 30 13 \/ cultura@arcosdelafrontera.es<\/p>\r\n<p>[\/vc_column_text][vc_empty_space height=&#8221;40px&#8221;]<div id=\"dt-gallery-ebd\" class=\"delicious-gallery-wrapper\" data-token=\"b4Zmt\"><ul class=\"delicious-gallery isotope dt-gallery is-grid dt-gap-20\"><li class=\"delicious-gallery-item  \"><a class=\"not-link dt-lightbox-gallery\" title=\"\" href=\"https:\/\/www.turismoarcos.es\/wp-content\/uploads\/2021\/03\/ARCOS.2-189.jpg\"><img loading=\"lazy\" decoding=\"async\" class=\"no-lazy\" src=\"https:\/\/www.turismoarcos.es\/wp-content\/uploads\/2021\/03\/ARCOS.2-189-490x380.jpg\" width=\"800\" height=\"533\" alt=\"\" \/><div class=\"delicious-gallery-on-hover\"><svg version=\"1.1\" x=\"0px\" y=\"0px\" viewBox=\"0 0 100 125\"><g transform=\"translate(0,-952.36218)\"><path style=\"font-size:medium;font-style:normal;font-variant:normal;font-weight:normal;font-stretch:normal;text-indent:0;text-align:start;text-decoration:none;line-height:normal;letter-spacing:normal;word-spacing:normal;text-transform:none;direction:ltr;block-progression:tb;writing-mode:lr-tb;text-anchor:start;baseline-shift:baseline;opacity:1;color:#000000;fill:#000000;fill-opacity:1;stroke:none;stroke-width:2;marker:none;visibility:visible;display:inline;overflow:visible;enable-background:accumulate;font-family:Sans;-inkscape-font-specification:Sans\" d=\"M 49.875 6.96875 A 1.0001 1.0001 0 0 0 49 8 L 49 49 L 8 49 A 1.0001 1.0001 0 0 0 7.8125 49 A 1.0043849 1.0043849 0 0 0 8 51 L 49 51 L 49 92 A 1.0001 1.0001 0 1 0 51 92 L 51 51 L 92 51 A 1.0001 1.0001 0 1 0 92 49 L 51 49 L 51 8 A 1.0001 1.0001 0 0 0 49.875 6.96875 z \" transform=\"translate(0,952.36218)\"\/><\/g><\/svg><\/div><\/a><\/li><li class=\"delicious-gallery-item  \"><a class=\"not-link dt-lightbox-gallery\" title=\"PINACOTECA\" href=\"https:\/\/www.turismoarcos.es\/wp-content\/uploads\/2021\/03\/ARCOS.2-191.jpg\"><img loading=\"lazy\" decoding=\"async\" class=\"no-lazy\" src=\"https:\/\/www.turismoarcos.es\/wp-content\/uploads\/2021\/03\/ARCOS.2-191-490x380.jpg\" width=\"800\" height=\"533\" alt=\"PINACOTECA\" \/><div class=\"delicious-gallery-on-hover\"><span class=\"is-alt-text\">PINACOTECA<\/span><\/div><\/a><\/li><\/ul><\/div>[\/vc_column][\/vc_row][vc_row][vc_column][vc_empty_space][vc_separator color=&#8221;green&#8221;][\/vc_column][\/vc_row][vc_row full_width=&#8221;stretch_row_content_no_spaces&#8221; equal_height=&#8221;yes&#8221;][vc_column width=&#8221;1\/2&#8243; css=&#8221;.vc_custom_1623918048309{padding-top: 150px !important;padding-bottom: 150px !important;background-image: url(http:\/\/nueva.turismoarcos.es\/wp-content\/uploads\/2021\/06\/Galerias-de-arte-2.jpg?id=2197) !important;background-position: center !important;background-repeat: no-repeat !important;background-size: cover !important;}&#8221;][\/vc_column][vc_column width=&#8221;1\/2&#8243; dt_animation=&#8221;wow fadeInUp&#8221; css=&#8221;.vc_custom_1497331211586{padding-top: 100px !important;padding-right: 80px !important;padding-bottom: 80px !important;padding-left: 80px !important;background-color: #fafafa !important;}&#8221; dt_animation_delay=&#8221;0.3&#8243;]<div class=\"title-center\"><div class=\"dt-title-wrapper section-title-big style-1\"><h2 class=\"section-title\">KUNSTGALERIEN<\/h2><svg class=\"zigzag\" version=\"1.1\" xmlns=\"http:\/\/www.w3.org\/2000\/svg\" xmlns:xlink=\"http:\/\/www.w3.org\/1999\/xlink\" preserveAspectRatio=\"xMidYMid meet\" viewBox=\"0 0 90 8\" width=\"90\" height=\"8\"><defs><path d=\"M90 8L82.5 0L75 8L67.5 0L60 8L52.5 0L45 8L37.5 0L30 8L22.5 0L15 8L7.5 0L0 8\" id=\"a6L8UcKib\"><\/path><\/defs><g><g><use xlink:href=\"#a6L8UcKib\" opacity=\"1\" fill-opacity=\"0\" stroke=\"#000000\" stroke-width=\"1\" stroke-opacity=\"1\"><\/use><\/g><\/g><\/svg><\/div><\/div>[vc_column_text]<\/p>\r\n<ul>\r\n<li>Kunstgalerie \u201eArx-Arcis\u201c<\/li>\r\n<\/ul>\r\n<p>C\/ Marqu\u00e9s de Torresoto,10<br \/>arx-arcis@hotmail.com<\/p>\r\n<ul>\r\n<li>\u00a0Keramikwaren \u201eRam\u00f3n Carrillo\u201c<\/li>\r\n<\/ul>\r\n<p>C\/ Boticas, 15<\/p>\r\n<ul>\r\n<li>Kunstgalerie \u201eSan Pedro\u201c<\/li>\r\n<\/ul>\r\n<p>C\/ San Pedro, 7<br \/>gasanpedro@yahoo.es<\/p>\r\n<ul>\r\n<li>Kunstgalerie \u201eLa Merced\u201c<\/li>\r\n<\/ul>\r\n<p>C\/ Marqu\u00e9s de Torresoto,10<br \/>gasanpedro@yahoo.es<\/p>\r\n<p>[\/vc_column_text][vc_empty_space height=&#8221;40px&#8221;][\/vc_column][\/vc_row][vc_row full_width=&#8221;stretch_row&#8221; css=&#8221;.vc_custom_1497330579291{padding-top: 30px !important;padding-bottom: 35px !important;background-color: #ededed !important;}&#8221;][vc_column width=&#8221;1\/12&#8243;][\/vc_column][vc_column width=&#8221;7\/12&#8243;][vc_custom_heading text=&#8221;Hast du irgendwelche Zweifel?&#8221; font_container=&#8221;tag:p|font_size:36px|text_align:left|color:%23323232|line_height:42px&#8221; use_theme_fonts=&#8221;yes&#8221; css_animation=&#8221;fadeInUp&#8221;][\/vc_column][vc_column css_animation=&#8221;none&#8221; width=&#8221;3\/12&#8243; dt_animation=&#8221;wow fadeInUp&#8221; dt_animation_delay=&#8221;0.4&#8243;]<div class=\"button-right\"><a  class=\"dt-button green  round  dt-icon-left\" href=\"#\"><i class=\"fa fa-paper-plane-o\"><\/i>KONTAKT FORMULAR<\/a><\/div>[\/vc_column][vc_column width=&#8221;1\/12&#8243;][\/vc_column][\/vc_row]<\/p><\/div>","protected":false},"excerpt":{"rendered":"<p>[vc_row full_width=&#8221;stretch_row&#8221; parallax=&#8221;content-moving-fade&#8221; parallax_image=&#8221;3021&#8243; el_id=&#8221;about-us&#8221; dt_color=&#8221;#4dbb67&#8243; dt_color_opacity=&#8221;70&#8243; css=&#8221;.vc_custom_1632124588900{padding-top: 300px !important;padding-bottom: 50px !important;}&#8221;][vc_column width=&#8221;1\/6&#8243;][\/vc_column][vc_column width=&#8221;2\/3&#8243; dt_animation=&#8221;wow fadeInUp&#8221; dt_animation_delay=&#8221;0.3&#8243;][vc_raw_html]JTNDcCUyMGNsYXNzJTNEJTIybW9yYS1zdWJ0aXRsZSUyMGFsaWduY2VudGVyJTIyJTNFVGllcnJhJTIwZGUlMjB0YWxlbnRvcy4lM0MlMkZwJTNF[\/vc_raw_html][\/vc_column][vc_column width=&#8221;1\/6&#8243;][\/vc_column][\/vc_row][vc_row][vc_column][vc_column_text]&#8230; <a class=\"excerpt-read-more\" href=\"https:\/\/www.turismoarcos.es\/de\/espacios-culturales\/\"><span>Read More<\/span><\/a><\/p>\n","protected":false},"author":1,"featured_media":0,"parent":0,"menu_order":0,"comment_status":"closed","ping_status":"closed","template":"","meta":{"footnotes":""},"class_list":["post-6106","page","type-page","status-publish","hentry"],"_links":{"self":[{"href":"https:\/\/www.turismoarcos.es\/de\/wp-json\/wp\/v2\/pages\/6106","targetHints":{"allow":["GET"]}}],"collection":[{"href":"https:\/\/www.turismoarcos.es\/de\/wp-json\/wp\/v2\/pages"}],"about":[{"href":"https:\/\/www.turismoarcos.es\/de\/wp-json\/wp\/v2\/types\/page"}],"author":[{"embeddable":true,"href":"https:\/\/www.turismoarcos.es\/de\/wp-json\/wp\/v2\/users\/1"}],"replies":[{"embeddable":true,"href":"https:\/\/www.turismoarcos.es\/de\/wp-json\/wp\/v2\/comments?post=6106"}],"version-history":[{"count":35,"href":"https:\/\/www.turismoarcos.es\/de\/wp-json\/wp\/v2\/pages\/6106\/revisions"}],"predecessor-version":[{"id":18138,"href":"https:\/\/www.turismoarcos.es\/de\/wp-json\/wp\/v2\/pages\/6106\/revisions\/18138"}],"wp:attachment":[{"href":"https:\/\/www.turismoarcos.es\/de\/wp-json\/wp\/v2\/media?parent=6106"}],"curies":[{"name":"wp","href":"https:\/\/api.w.org\/{rel}","templated":true}]}}