{"id":6085,"date":"2021-03-30T08:23:21","date_gmt":"2021-03-30T08:23:21","guid":{"rendered":"https:\/\/www.turismoarcos.es\/espacios-culturales\/"},"modified":"2026-04-18T11:50:05","modified_gmt":"2026-04-18T10:50:05","slug":"espacios-culturales","status":"publish","type":"page","link":"https:\/\/www.turismoarcos.es\/en\/espacios-culturales\/","title":{"rendered":"Espacios Culturales"},"content":{"rendered":"<div class=\"wpb-content-wrapper\"><p>[vc_row full_width=&#8221;stretch_row&#8221; parallax=&#8221;content-moving-fade&#8221; parallax_image=&#8221;3021&#8243; el_id=&#8221;about-us&#8221; dt_color=&#8221;#4dbb67&#8243; dt_color_opacity=&#8221;70&#8243; css=&#8221;.vc_custom_1632124588900{padding-top: 300px !important;padding-bottom: 50px !important;}&#8221;][vc_column width=&#8221;1\/6&#8243;][\/vc_column][vc_column width=&#8221;2\/3&#8243; dt_animation=&#8221;wow fadeInUp&#8221; dt_animation_delay=&#8221;0.3&#8243;]<div class=\"title-center\"><div class=\"dt-title-wrapper section-title-big style-1\"><h2 class=\"section-title\">Exposition halls<\/h2><svg class=\"zigzag\" version=\"1.1\" xmlns=\"http:\/\/www.w3.org\/2000\/svg\" xmlns:xlink=\"http:\/\/www.w3.org\/1999\/xlink\" preserveAspectRatio=\"xMidYMid meet\" viewBox=\"0 0 90 8\" width=\"90\" height=\"8\"><defs><path d=\"M90 8L82.5 0L75 8L67.5 0L60 8L52.5 0L45 8L37.5 0L30 8L22.5 0L15 8L7.5 0L0 8\" id=\"a6L8UcKib\"><\/path><\/defs><g><g><use xlink:href=\"#a6L8UcKib\" opacity=\"1\" fill-opacity=\"0\" stroke=\"#000000\" stroke-width=\"1\" stroke-opacity=\"1\"><\/use><\/g><\/g><\/svg><\/div><\/div>[vc_raw_html]JTNDcCUyMGNsYXNzJTNEJTIybW9yYS1zdWJ0aXRsZSUyMGFsaWduY2VudGVyJTIyJTNFTGFuZCUyMG9mJTIwdGFsZW50cy4lM0MlMkZwJTNF[\/vc_raw_html][\/vc_column][vc_column width=&#8221;1\/6&#8243;][\/vc_column][\/vc_row][vc_row][vc_column][vc_column_text]<!-- \/wp:post-content --><\/p>\r\n<p><!-- wp:shortcode -->[\/vc_column_text][\/vc_column][\/vc_row][vc_row full_width=&#8221;stretch_row_content_no_spaces&#8221; equal_height=&#8221;yes&#8221;][vc_column width=&#8221;1\/2&#8243; css=&#8221;.vc_custom_1623917498080{padding-top: 150px !important;padding-bottom: 150px !important;background-image: url(http:\/\/nueva.turismoarcos.es\/wp-content\/uploads\/2021\/03\/olivares-veas-2.jpg?id=2185) !important;background-position: center !important;background-repeat: no-repeat !important;background-size: cover !important;}&#8221;][\/vc_column][vc_column width=&#8221;1\/2&#8243; dt_animation=&#8221;wow fadeInUp&#8221; css=&#8221;.vc_custom_1497331211586{padding-top: 100px !important;padding-right: 80px !important;padding-bottom: 80px !important;padding-left: 80px !important;background-color: #fafafa !important;}&#8221; dt_animation_delay=&#8221;0.3&#8243;]<div class=\"title-center\"><div class=\"dt-title-wrapper section-title-big style-1\"><h2 class=\"section-title\">OLIVARES VEAS THEATRE<\/h2><svg class=\"zigzag\" version=\"1.1\" xmlns=\"http:\/\/www.w3.org\/2000\/svg\" xmlns:xlink=\"http:\/\/www.w3.org\/1999\/xlink\" preserveAspectRatio=\"xMidYMid meet\" viewBox=\"0 0 90 8\" width=\"90\" height=\"8\"><defs><path d=\"M90 8L82.5 0L75 8L67.5 0L60 8L52.5 0L45 8L37.5 0L30 8L22.5 0L15 8L7.5 0L0 8\" id=\"a6L8UcKib\"><\/path><\/defs><g><g><use xlink:href=\"#a6L8UcKib\" opacity=\"1\" fill-opacity=\"0\" stroke=\"#000000\" stroke-width=\"1\" stroke-opacity=\"1\"><\/use><\/g><\/g><\/svg><\/div><\/div>[vc_column_text]<\/p>\r\n<p style=\"text-align: justify;\"><span style=\"color: #808080;\"><span style=\"font-family: Barlow, serif;\"><span style=\"font-size: medium;\"><span lang=\"en-US\">Its construction began in 1910 with plans of Jos\u00e9 Olivares Veas, and ended two years later. <\/span><\/span><\/span><span style=\"font-family: Barlow, serif;\"><span style=\"font-size: medium;\"><span lang=\"en-US\">During its construction the foundation of the unfinished tower of the church of the Jesuits was located. Access to the building is through a simple modernist entrance. I<\/span><\/span><\/span><span style=\"font-family: Barlow, serif;\"><span style=\"font-size: medium;\"><span lang=\"en-US\">nside, the stalls have an ultra <\/span><\/span><\/span><span style=\"font-family: Barlow, serif;\"><span style=\"font-size: medium;\"><span lang=\"en-US\">circular <\/span><\/span><\/span><span style=\"font-family: Barlow, serif;\"><span style=\"font-size: medium;\"><span lang=\"en-US\">floor and the gallery is supported by iron columns. It has undergone several renovations and today is one of the spaces with most cultural activities. At the beginning of the 1990s the restoration of the building began: It was inaugurated on March 15th, 1994 by Queen Sofia.<\/span><\/span><\/span><\/span><\/p>\r\n<p style=\"text-align: justify;\"><span style=\"color: #808080;\"><span style=\"font-family: Barlow, serif;\"><span style=\"font-size: medium;\"><span lang=\"en-US\">OPENING HOURS: According to the programming<\/span><\/span><\/span><\/span><\/p>\r\n<p style=\"text-align: justify;\"><span style=\"color: #808080;\"><span style=\"font-family: Barlow, serif;\"><span style=\"font-size: medium;\"><span lang=\"en-US\">Information: Telf.: 956 70 30 13 \/ <\/span><\/span><\/span><u><a style=\"color: #808080;\" href=\"mailto:cultura@arcosdelafrontera.es\"><span style=\"font-family: Barlow, serif;\"><span style=\"font-size: medium;\"><span lang=\"en-US\">cultura@arcosdelafrontera.es<\/span><\/span><\/span><\/a><\/u><span style=\"font-family: Barlow, serif;\"><span style=\"font-size: medium;\"><span lang=\"en-US\"> (Organization of Cultural events)<\/span><\/span><\/span><\/span><\/p>\r\n<p>[\/vc_column_text][vc_empty_space height=&#8221;40px&#8221;]<div id=\"dt-gallery-bdb\" class=\"delicious-gallery-wrapper\" data-token=\"k5uW7\"><ul class=\"delicious-gallery isotope dt-gallery is-grid dt-gap-20\"><li class=\"delicious-gallery-item  \"><a class=\"not-link dt-lightbox-gallery\" title=\"Teatro OLIVARES VEAS\" href=\"https:\/\/www.turismoarcos.es\/wp-content\/uploads\/2021\/03\/olivares-veas-6.jpg\"><img loading=\"lazy\" decoding=\"async\" class=\"no-lazy\" src=\"https:\/\/www.turismoarcos.es\/wp-content\/uploads\/2021\/03\/olivares-veas-6-490x380.jpg\" width=\"800\" height=\"533\" alt=\"Teatro OLIVARES VEAS\" \/><div class=\"delicious-gallery-on-hover\"><span class=\"is-alt-text\">Teatro OLIVARES VEAS<\/span><\/div><\/a><\/li><li class=\"delicious-gallery-item  \"><a class=\"not-link dt-lightbox-gallery\" title=\"Teatro OLIVARES VEAS\" href=\"https:\/\/www.turismoarcos.es\/wp-content\/uploads\/2021\/03\/olivares-veas-5.jpg\"><img loading=\"lazy\" decoding=\"async\" class=\"no-lazy\" src=\"https:\/\/www.turismoarcos.es\/wp-content\/uploads\/2021\/03\/olivares-veas-5-490x380.jpg\" width=\"800\" height=\"533\" alt=\"Teatro OLIVARES VEAS\" \/><div class=\"delicious-gallery-on-hover\"><span class=\"is-alt-text\">Teatro OLIVARES VEAS<\/span><\/div><\/a><\/li><li class=\"delicious-gallery-item  \"><a class=\"not-link dt-lightbox-gallery\" title=\"Teatro OLIVARES VEAS\" href=\"https:\/\/www.turismoarcos.es\/wp-content\/uploads\/2021\/03\/olivares-veas-4.jpg\"><img loading=\"lazy\" decoding=\"async\" class=\"no-lazy\" src=\"https:\/\/www.turismoarcos.es\/wp-content\/uploads\/2021\/03\/olivares-veas-4-490x380.jpg\" width=\"800\" height=\"533\" alt=\"Teatro OLIVARES VEAS\" \/><div class=\"delicious-gallery-on-hover\"><span class=\"is-alt-text\">Teatro OLIVARES VEAS<\/span><\/div><\/a><\/li><li class=\"delicious-gallery-item  \"><a class=\"not-link dt-lightbox-gallery\" title=\"Teatro OLIVARES VEAS\" href=\"https:\/\/www.turismoarcos.es\/wp-content\/uploads\/2021\/03\/olivares-veas-3.jpg\"><img loading=\"lazy\" decoding=\"async\" class=\"no-lazy\" src=\"https:\/\/www.turismoarcos.es\/wp-content\/uploads\/2021\/03\/olivares-veas-3-490x380.jpg\" width=\"800\" height=\"533\" alt=\"Teatro OLIVARES VEAS\" \/><div class=\"delicious-gallery-on-hover\"><span class=\"is-alt-text\">Teatro OLIVARES VEAS<\/span><\/div><\/a><\/li><li class=\"delicious-gallery-item  \"><a class=\"not-link dt-lightbox-gallery\" title=\"Teatro OLIVARES VEAS\" href=\"https:\/\/www.turismoarcos.es\/wp-content\/uploads\/2021\/03\/olivares-veas-2.jpg\"><img loading=\"lazy\" decoding=\"async\" class=\"no-lazy\" src=\"https:\/\/www.turismoarcos.es\/wp-content\/uploads\/2021\/03\/olivares-veas-2-490x380.jpg\" width=\"800\" height=\"533\" alt=\"Teatro OLIVARES VEAS\" \/><div class=\"delicious-gallery-on-hover\"><span class=\"is-alt-text\">Teatro OLIVARES VEAS<\/span><\/div><\/a><\/li><li class=\"delicious-gallery-item  \"><a class=\"not-link dt-lightbox-gallery\" title=\"Teatro OLIVARES VEAS\" href=\"https:\/\/www.turismoarcos.es\/wp-content\/uploads\/2021\/03\/olivares-veas-1.jpg\"><img loading=\"lazy\" decoding=\"async\" class=\"no-lazy\" src=\"https:\/\/www.turismoarcos.es\/wp-content\/uploads\/2021\/03\/olivares-veas-1-490x380.jpg\" width=\"800\" height=\"533\" alt=\"Teatro OLIVARES VEAS\" \/><div class=\"delicious-gallery-on-hover\"><span class=\"is-alt-text\">Teatro OLIVARES VEAS<\/span><\/div><\/a><\/li><\/ul><\/div>[\/vc_column][\/vc_row][vc_row][vc_column][vc_empty_space][vc_separator color=&#8221;green&#8221;][\/vc_column][\/vc_row][vc_row full_width=&#8221;stretch_row_content_no_spaces&#8221; equal_height=&#8221;yes&#8221;][vc_column width=&#8221;1\/2&#8243; css=&#8221;.vc_custom_1623915259339{padding-top: 150px !important;padding-bottom: 150px !important;background-image: url(http:\/\/nueva.turismoarcos.es\/wp-content\/uploads\/2021\/03\/capilla-de-la-misericordia-1.jpg?id=1964) !important;background-position: center !important;background-repeat: no-repeat !important;background-size: cover !important;}&#8221;][\/vc_column][vc_column width=&#8221;1\/2&#8243; dt_animation=&#8221;wow fadeInUp&#8221; css=&#8221;.vc_custom_1497331211586{padding-top: 100px !important;padding-right: 80px !important;padding-bottom: 80px !important;padding-left: 80px !important;background-color: #fafafa !important;}&#8221; dt_animation_delay=&#8221;0.3&#8243;]<div class=\"title-center\"><div class=\"dt-title-wrapper section-title-big style-1\"><h2 class=\"section-title\">CHAPEL OF MERCY<\/h2><svg class=\"zigzag\" version=\"1.1\" xmlns=\"http:\/\/www.w3.org\/2000\/svg\" xmlns:xlink=\"http:\/\/www.w3.org\/1999\/xlink\" preserveAspectRatio=\"xMidYMid meet\" viewBox=\"0 0 90 8\" width=\"90\" height=\"8\"><defs><path d=\"M90 8L82.5 0L75 8L67.5 0L60 8L52.5 0L45 8L37.5 0L30 8L22.5 0L15 8L7.5 0L0 8\" id=\"a6L8UcKib\"><\/path><\/defs><g><g><use xlink:href=\"#a6L8UcKib\" opacity=\"1\" fill-opacity=\"0\" stroke=\"#000000\" stroke-width=\"1\" stroke-opacity=\"1\"><\/use><\/g><\/g><\/svg><\/div><\/div>[vc_column_text]<\/p>\r\n<p style=\"text-align: justify;\"><span style=\"color: #808080;\"><span style=\"font-family: Barlow, serif;\"><span style=\"font-size: medium;\"><span lang=\"en-US\">The chapel was founded in 1490 by the Marquis of Cadiz as a children&#8217;s home and a women&#8217;s refuge and hospital. Note the doorway in graceful Gothic style. Inside, sculpted in capitals, there are the two only remaining portraits of the Marquises of C\u00e1diz. At present it is an exhibition center. <\/span><\/span><\/span><\/span><\/p>\r\n<p style=\"text-align: justify;\"><span style=\"color: #808080;\"><span style=\"font-family: Barlow, serif;\"><span style=\"font-size: medium;\"><span lang=\"en-US\"> The Chapel of Mercy<\/span><\/span><\/span><\/span><\/p>\r\n<p style=\"text-align: justify;\"><span style=\"color: #808080;\"><span style=\"font-family: Barlow, serif;\"><span style=\"font-size: medium;\"><span lang=\"en-US\"> Nu\u00f1ez de Prado Street, 5<\/span><\/span><\/span><\/span><\/p>\r\n<p style=\"text-align: justify;\"><span style=\"color: #808080;\"><span style=\"font-family: Barlow, serif;\"><span style=\"font-size: medium;\"><span lang=\"en-US\"> OPENING HOURS: According to the programming.<\/span><\/span><\/span><\/span><\/p>\r\n<p><span style=\"color: #808080;\"><span style=\"font-family: Barlow, serif;\"><span style=\"font-size: medium;\"><span lang=\"en-US\">Information: Telf.: 956 70 30 13 \/ <\/span><\/span><\/span><u><a style=\"color: #808080;\" href=\"mailto:cultura@arcosdelafrontera.es\"><span style=\"font-family: Barlow, serif;\"><span style=\"font-size: medium;\"><span lang=\"en-US\">cultura@arcosdelafrontera.es<\/span><\/span><\/span><\/a><\/u><span style=\"font-family: Barlow, serif;\"><span style=\"font-size: medium;\"><span lang=\"en-US\"> (Organization of Cultural events)<\/span><\/span><\/span><\/span><\/p>\r\n<p>&nbsp;<\/p>\r\n<p>[\/vc_column_text][vc_empty_space height=&#8221;40px&#8221;]<div id=\"dt-gallery-eed\" class=\"delicious-gallery-wrapper\" data-token=\"iwByQ\"><ul class=\"delicious-gallery isotope dt-gallery is-grid dt-gap-20\"><li class=\"delicious-gallery-item  \"><a class=\"not-link dt-lightbox-gallery\" title=\"Capilla de la Misericordia\" href=\"https:\/\/www.turismoarcos.es\/wp-content\/uploads\/2021\/03\/misericordia.jpg\"><img loading=\"lazy\" decoding=\"async\" class=\"no-lazy\" src=\"https:\/\/www.turismoarcos.es\/wp-content\/uploads\/2021\/03\/misericordia-490x380.jpg\" width=\"300\" height=\"300\" alt=\"Capilla de la Misericordia\" \/><div class=\"delicious-gallery-on-hover\"><span class=\"is-alt-text\">Capilla de la Misericordia<\/span><\/div><\/a><\/li><li class=\"delicious-gallery-item  \"><a class=\"not-link dt-lightbox-gallery\" title=\"\" href=\"https:\/\/www.turismoarcos.es\/wp-content\/uploads\/2021\/03\/banner_Misericordia.jpg\"><img loading=\"lazy\" decoding=\"async\" class=\"no-lazy\" src=\"https:\/\/www.turismoarcos.es\/wp-content\/uploads\/2021\/03\/banner_Misericordia-490x380.jpg\" width=\"1024\" height=\"487\" alt=\"\" \/><div class=\"delicious-gallery-on-hover\"><svg version=\"1.1\" x=\"0px\" y=\"0px\" viewBox=\"0 0 100 125\"><g transform=\"translate(0,-952.36218)\"><path style=\"font-size:medium;font-style:normal;font-variant:normal;font-weight:normal;font-stretch:normal;text-indent:0;text-align:start;text-decoration:none;line-height:normal;letter-spacing:normal;word-spacing:normal;text-transform:none;direction:ltr;block-progression:tb;writing-mode:lr-tb;text-anchor:start;baseline-shift:baseline;opacity:1;color:#000000;fill:#000000;fill-opacity:1;stroke:none;stroke-width:2;marker:none;visibility:visible;display:inline;overflow:visible;enable-background:accumulate;font-family:Sans;-inkscape-font-specification:Sans\" d=\"M 49.875 6.96875 A 1.0001 1.0001 0 0 0 49 8 L 49 49 L 8 49 A 1.0001 1.0001 0 0 0 7.8125 49 A 1.0043849 1.0043849 0 0 0 8 51 L 49 51 L 49 92 A 1.0001 1.0001 0 1 0 51 92 L 51 51 L 92 51 A 1.0001 1.0001 0 1 0 92 49 L 51 49 L 51 8 A 1.0001 1.0001 0 0 0 49.875 6.96875 z \" transform=\"translate(0,952.36218)\"\/><\/g><\/svg><\/div><\/a><\/li><li class=\"delicious-gallery-item  \"><a class=\"not-link dt-lightbox-gallery\" title=\"Capilla de la Misericordia\" href=\"https:\/\/www.turismoarcos.es\/wp-content\/uploads\/2021\/03\/capilla-de-la-misericordia-4.jpg\"><img loading=\"lazy\" decoding=\"async\" class=\"no-lazy\" src=\"https:\/\/www.turismoarcos.es\/wp-content\/uploads\/2021\/03\/capilla-de-la-misericordia-4-490x380.jpg\" width=\"800\" height=\"600\" alt=\"Capilla de la Misericordia\" \/><div class=\"delicious-gallery-on-hover\"><span class=\"is-alt-text\">Capilla de la Misericordia<\/span><\/div><\/a><\/li><li class=\"delicious-gallery-item  \"><a class=\"not-link dt-lightbox-gallery\" title=\"Capilla de la Misericordia\" href=\"https:\/\/www.turismoarcos.es\/wp-content\/uploads\/2021\/03\/capilla-de-la-misericordia-1.jpg\"><img loading=\"lazy\" decoding=\"async\" class=\"no-lazy\" src=\"https:\/\/www.turismoarcos.es\/wp-content\/uploads\/2021\/03\/capilla-de-la-misericordia-1-490x380.jpg\" width=\"533\" height=\"800\" alt=\"Capilla de la Misericordia\" \/><div class=\"delicious-gallery-on-hover\"><span class=\"is-alt-text\">Capilla de la Misericordia<\/span><\/div><\/a><\/li><li class=\"delicious-gallery-item  \"><a class=\"not-link dt-lightbox-gallery\" title=\"Capilla de la Misericordia\" href=\"https:\/\/www.turismoarcos.es\/wp-content\/uploads\/2021\/03\/capilla-de-la-misericordia-2.jpg\"><img loading=\"lazy\" decoding=\"async\" class=\"no-lazy\" src=\"https:\/\/www.turismoarcos.es\/wp-content\/uploads\/2021\/03\/capilla-de-la-misericordia-2-490x380.jpg\" width=\"599\" height=\"800\" alt=\"Capilla de la Misericordia\" \/><div class=\"delicious-gallery-on-hover\"><span class=\"is-alt-text\">Capilla de la Misericordia<\/span><\/div><\/a><\/li><li class=\"delicious-gallery-item  \"><a class=\"not-link dt-lightbox-gallery\" title=\"Capilla de la Misericordia\" href=\"https:\/\/www.turismoarcos.es\/wp-content\/uploads\/2021\/03\/capilla-de-la-misericordia-3.jpg\"><img loading=\"lazy\" decoding=\"async\" class=\"no-lazy\" src=\"https:\/\/www.turismoarcos.es\/wp-content\/uploads\/2021\/03\/capilla-de-la-misericordia-3-490x380.jpg\" width=\"800\" height=\"600\" alt=\"Capilla de la Misericordia\" \/><div class=\"delicious-gallery-on-hover\"><span class=\"is-alt-text\">Capilla de la Misericordia<\/span><\/div><\/a><\/li><\/ul><\/div>[\/vc_column][\/vc_row][vc_row][vc_column][vc_empty_space][vc_separator color=&#8221;green&#8221;][\/vc_column][\/vc_row][vc_row full_width=&#8221;stretch_row_content_no_spaces&#8221; equal_height=&#8221;yes&#8221;][vc_column width=&#8221;1\/2&#8243; css=&#8221;.vc_custom_1623915577822{padding-top: 150px !important;padding-bottom: 150px !important;background-image: url(http:\/\/nueva.turismoarcos.es\/wp-content\/uploads\/2021\/03\/san-miguel_01.jpg?id=1904) !important;background-position: center !important;background-repeat: no-repeat !important;background-size: cover !important;}&#8221;][\/vc_column][vc_column width=&#8221;1\/2&#8243; dt_animation=&#8221;wow fadeInUp&#8221; css=&#8221;.vc_custom_1497331211586{padding-top: 100px !important;padding-right: 80px !important;padding-bottom: 80px !important;padding-left: 80px !important;background-color: #fafafa !important;}&#8221; dt_animation_delay=&#8221;0.3&#8243;]<div class=\"title-center\"><div class=\"dt-title-wrapper section-title-big style-1\"><h2 class=\"section-title\">SAN MIGUEL CHURCH<\/h2><svg class=\"zigzag\" version=\"1.1\" xmlns=\"http:\/\/www.w3.org\/2000\/svg\" xmlns:xlink=\"http:\/\/www.w3.org\/1999\/xlink\" preserveAspectRatio=\"xMidYMid meet\" viewBox=\"0 0 90 8\" width=\"90\" height=\"8\"><defs><path d=\"M90 8L82.5 0L75 8L67.5 0L60 8L52.5 0L45 8L37.5 0L30 8L22.5 0L15 8L7.5 0L0 8\" id=\"a6L8UcKib\"><\/path><\/defs><g><g><use xlink:href=\"#a6L8UcKib\" opacity=\"1\" fill-opacity=\"0\" stroke=\"#000000\" stroke-width=\"1\" stroke-opacity=\"1\"><\/use><\/g><\/g><\/svg><\/div><\/div>[vc_column_text]<\/p>\r\n<p style=\"text-align: justify;\"><span style=\"color: #808080;\"><span style=\"font-family: Barlow, serif;\"><span style=\"font-size: medium;\"><span lang=\"en-US\">It was a Muslim fortress over a hill till the 15th Century and it became a hermitage dedicated to Saint Michael. It has also been an orphanage for girls as well as a church. Nowadays is not in use as a church and it is used as an exhibition center. <\/span><\/span><\/span><\/span><\/p>\r\n<p style=\"text-align: justify;\"><span style=\"color: #808080;\"><span style=\"font-family: Barlow, serif;\"><span style=\"font-size: medium;\"><span lang=\"en-US\">Corredera Street<\/span><\/span><\/span><\/span><\/p>\r\n<p style=\"text-align: justify;\"><span style=\"color: #808080;\"> <span style=\"font-family: Barlow, serif;\"><span style=\"font-size: medium;\"><span lang=\"en-US\">OPENING HOURS: In Restoration<\/span><\/span><\/span><\/span><\/p>\r\n<p style=\"text-align: justify;\"><span style=\"color: #808080;\"><span style=\"font-family: Barlow, serif;\"><span style=\"font-size: medium;\"><span lang=\"en-US\">Information: Telf.: 956 70 30 13 \/ <\/span><\/span><\/span><u><a style=\"color: #808080;\" href=\"mailto:cultura@arcosdelafrontera.es\"><span style=\"font-family: Barlow, serif;\"><span style=\"font-size: medium;\"><span lang=\"en-US\">cultura@arcosdelafrontera.es<\/span><\/span><\/span><\/a><\/u><span style=\"font-family: Barlow, serif;\"><span style=\"font-size: medium;\"><span lang=\"en-US\"> (Organization of Cultural events)<\/span><\/span><\/span><\/span><\/p>\r\n<p>[\/vc_column_text][vc_empty_space height=&#8221;40px&#8221;]<div id=\"dt-gallery-abf\" class=\"delicious-gallery-wrapper\" data-token=\"C5vv3\"><ul class=\"delicious-gallery isotope dt-gallery is-grid dt-gap-20\"><li class=\"delicious-gallery-item  \"><a class=\"not-link dt-lightbox-gallery\" title=\"Iglesia de San Miguel\" href=\"https:\/\/www.turismoarcos.es\/wp-content\/uploads\/2021\/03\/san-miguel_02.jpg\"><img loading=\"lazy\" decoding=\"async\" class=\"no-lazy\" src=\"https:\/\/www.turismoarcos.es\/wp-content\/uploads\/2021\/03\/san-miguel_02-490x380.jpg\" width=\"800\" height=\"533\" alt=\"Iglesia de San Miguel\" \/><div class=\"delicious-gallery-on-hover\"><span class=\"is-alt-text\">Iglesia de San Miguel<\/span><\/div><\/a><\/li><li class=\"delicious-gallery-item  \"><a class=\"not-link dt-lightbox-gallery\" title=\"Iglesia de San Miguel\" href=\"https:\/\/www.turismoarcos.es\/wp-content\/uploads\/2021\/03\/san-miguel_01.jpg\"><img loading=\"lazy\" decoding=\"async\" class=\"no-lazy\" src=\"https:\/\/www.turismoarcos.es\/wp-content\/uploads\/2021\/03\/san-miguel_01-490x380.jpg\" width=\"800\" height=\"533\" alt=\"Iglesia de San Miguel\" \/><div class=\"delicious-gallery-on-hover\"><span class=\"is-alt-text\">Iglesia de San Miguel<\/span><\/div><\/a><\/li><li class=\"delicious-gallery-item  \"><a class=\"not-link dt-lightbox-gallery\" title=\"Iglesia de San Miguel\" href=\"https:\/\/www.turismoarcos.es\/wp-content\/uploads\/2021\/03\/san-miguel_03.jpg\"><img loading=\"lazy\" decoding=\"async\" class=\"no-lazy\" src=\"https:\/\/www.turismoarcos.es\/wp-content\/uploads\/2021\/03\/san-miguel_03-490x380.jpg\" width=\"533\" height=\"800\" alt=\"Iglesia de San Miguel\" \/><div class=\"delicious-gallery-on-hover\"><span class=\"is-alt-text\">Iglesia de San Miguel<\/span><\/div><\/a><\/li><\/ul><\/div>[\/vc_column][\/vc_row][vc_row][vc_column][vc_empty_space][vc_separator color=&#8221;green&#8221;][\/vc_column][\/vc_row][vc_row full_width=&#8221;stretch_row_content_no_spaces&#8221; equal_height=&#8221;yes&#8221;][vc_column width=&#8221;1\/2&#8243; css=&#8221;.vc_custom_1632138210818{padding-top: 150px !important;padding-bottom: 150px !important;background-image: url(http:\/\/nueva.turismoarcos.es\/wp-content\/uploads\/2021\/09\/VictorMarin01.jpg?id=3081) !important;background-position: center !important;background-repeat: no-repeat !important;background-size: cover !important;}&#8221;][\/vc_column][vc_column width=&#8221;1\/2&#8243; dt_animation=&#8221;wow fadeInUp&#8221; css=&#8221;.vc_custom_1497331211586{padding-top: 100px !important;padding-right: 80px !important;padding-bottom: 80px !important;padding-left: 80px !important;background-color: #fafafa !important;}&#8221; dt_animation_delay=&#8221;0.3&#8243;]<div class=\"title-center\"><div class=\"dt-title-wrapper section-title-big style-1\"><h2 class=\"section-title\">FOUNDATION VICTOR MARIN<\/h2><svg class=\"zigzag\" version=\"1.1\" xmlns=\"http:\/\/www.w3.org\/2000\/svg\" xmlns:xlink=\"http:\/\/www.w3.org\/1999\/xlink\" preserveAspectRatio=\"xMidYMid meet\" viewBox=\"0 0 90 8\" width=\"90\" height=\"8\"><defs><path d=\"M90 8L82.5 0L75 8L67.5 0L60 8L52.5 0L45 8L37.5 0L30 8L22.5 0L15 8L7.5 0L0 8\" id=\"a6L8UcKib\"><\/path><\/defs><g><g><use xlink:href=\"#a6L8UcKib\" opacity=\"1\" fill-opacity=\"0\" stroke=\"#000000\" stroke-width=\"1\" stroke-opacity=\"1\"><\/use><\/g><\/g><\/svg><\/div><\/div>[vc_column_text css=&#8221;&#8221;]<\/p>\r\n<p style=\"text-align: justify;\"><span style=\"color: #808080;\"><span style=\"font-family: Barlow, serif;\"><span style=\"font-size: medium;\"><span lang=\"en-US\">The Foundation V\u00edctor Mar\u00edn collects all the photographic, documentary and literary legacy of V\u00edctor Mar\u00edn Solano. The purpose of this Foundation is to inventory, digitize, preserve and make known this cultural legacy, essential to know the graphic history of our city, through exhibitions, publications, etc., and to encourage the love of photography through the creation of the Photography Award &#8220;V\u00edctor Mar\u00edn&#8221; and the Prize of School Photography &#8220;V\u00edctor Mar\u00edn&#8221;.<\/span><\/span><\/span><\/span><\/p>\r\n<p style=\"text-align: justify;\"><span style=\"color: #808080;\"><span style=\"font-family: Barlow, serif;\"><span style=\"font-size: medium;\"><span lang=\"en-US\">Victor Solano Mar\u00edn was born in Valtierra (Navarra) in the year 1911. He settled in Arcos as a chemist, profession he practiced until his retirement in 1984. Apart from his profession his entire life was devoted to other activities promoting Arcos art and culture.<\/span><\/span><\/span><\/span><\/p>\r\n<p style=\"text-align: justify;\"><span style=\"color: #808080;\"><span style=\"font-family: Barlow, serif;\"><span style=\"font-size: medium;\"><span lang=\"en-US\">On December 9, 1982 he was appointed <\/span><\/span><\/span><span style=\"font-family: Barlow, serif;\"><span style=\"font-size: medium;\"><span lang=\"en-US\"><b>City Adopted Son<\/b><\/span><\/span><\/span><span style=\"font-family: Barlow, serif;\"><span style=\"font-size: medium;\"><span lang=\"en-US\"> for his human quality and its contribution in favor of Arcos and its culture.<\/span><\/span><\/span><\/span><\/p>\r\n<p style=\"text-align: justify;\"><span style=\"color: #808080;\"><span style=\"font-family: Barlow, serif;\"><span style=\"font-size: medium;\"><span lang=\"en-US\">Photographs Foundation Victor Marin <\/span><\/span><\/span><\/span><\/p>\r\n<p style=\"text-align: justify;\"><span style=\"color: #808080;\"><span style=\"font-family: Barlow, serif;\"><span style=\"font-size: medium;\"><span lang=\"en-US\">San Pedro street, 2 ( Mayorazgo Palace)<\/span><\/span><\/span><\/span><\/p>\r\n<p style=\"text-align: justify;\"><span style=\"color: #808080;\"><span style=\"font-family: Barlow, serif;\"><span style=\"font-size: medium;\"><span lang=\"en-US\"><b><br \/><\/b><\/span><\/span><\/span><strong><span style=\"font-family: Barlow, serif;\"><span style=\"font-size: medium;\"><span lang=\"en-US\">OPENING HOURS: <\/span><\/span><\/span><\/strong><\/span><\/p>\r\n<p dir=\"ltr\" data-placeholder=\"Traducci\u00f3n\" aria-label=\"Texto traducido\" data-ved=\"2ahUKEwj04t_c14KGAxVyUqQEHSnrAw0Q3ewLegQIBRAU\">Monday:\u00a0 \u00a0 \u00a0 \u00a0 \u00a0 \u00a0 \u00a0 \u00a0 \u00a0 \u00a0 \u00a0 \u00a0 \u00a0 \u00a0 10 a.m. to 2:30 p.m.<\/p>\r\n<p dir=\"ltr\" data-placeholder=\"Traducci\u00f3n\" aria-label=\"Texto traducido\" data-ved=\"2ahUKEwj04t_c14KGAxVyUqQEHSnrAw0Q3ewLegQIBRAU\">Tuesday and Saturday:\u00a0 \u00a0 \u00a0 \u00a09 a.m. to 7:30 p.m.<\/p>\r\n<p dir=\"ltr\" data-placeholder=\"Traducci\u00f3n\" aria-label=\"Texto traducido\" data-ved=\"2ahUKEwj04t_c14KGAxVyUqQEHSnrAw0Q3ewLegQIBRAU\">Sundays:\u00a0 \u00a0 \u00a0 \u00a0 \u00a0 \u00a0 \u00a0 \u00a0 \u00a0 \u00a0 \u00a0 \u00a0 \u00a0 \u00a0 10 a.m. to 2:30 p.m.<\/p>\r\n<p dir=\"ltr\" data-placeholder=\"Traducci\u00f3n\" aria-label=\"Texto traducido\" data-ved=\"2ahUKEwj04t_c14KGAxVyUqQEHSnrAw0Q3ewLegQIBRAU\">Price: Free<\/p>\r\n<p style=\"text-align: justify;\"><span style=\"color: #808080;\"><span style=\"font-family: Barlow, serif;\"><span style=\"font-size: medium;\"><span lang=\"en-US\">Information: Telf.: 956 70 30 13 \/ <\/span><\/span><\/span><u><a style=\"color: #808080;\" href=\"mailto:cultura@arcosdelafrontera.es\"><span style=\"font-family: Barlow, serif;\"><span style=\"font-size: medium;\"><span lang=\"en-US\">cultura@arcosdelafrontera.es<\/span><\/span><\/span><\/a><\/u><span style=\"font-family: Barlow, serif;\"><span style=\"font-size: medium;\"><span lang=\"en-US\"> (Organization of Cultural events)<\/span><\/span><\/span><\/span><\/p>\r\n<p>[\/vc_column_text][vc_empty_space height=&#8221;40px&#8221;][\/vc_column][\/vc_row][vc_row][vc_column][vc_empty_space][vc_separator color=&#8221;green&#8221;][\/vc_column][\/vc_row][vc_row full_width=&#8221;stretch_row_content_no_spaces&#8221; equal_height=&#8221;yes&#8221;][vc_column width=&#8221;1\/2&#8243; css=&#8221;.vc_custom_1623842567951{padding-top: 150px !important;padding-bottom: 150px !important;background-image: url(http:\/\/nueva.turismoarcos.es\/wp-content\/uploads\/2021\/03\/ARCOS.2-191.jpg?id=2156) !important;background-position: center !important;background-repeat: no-repeat !important;background-size: cover !important;}&#8221;][\/vc_column][vc_column width=&#8221;1\/2&#8243; dt_animation=&#8221;wow fadeInUp&#8221; css=&#8221;.vc_custom_1497331211586{padding-top: 100px !important;padding-right: 80px !important;padding-bottom: 80px !important;padding-left: 80px !important;background-color: #fafafa !important;}&#8221; dt_animation_delay=&#8221;0.3&#8243;]<div class=\"title-center\"><div class=\"dt-title-wrapper section-title-big style-1\"><h2 class=\"section-title\">MUNICIPAL ART GALLERY<\/h2><svg class=\"zigzag\" version=\"1.1\" xmlns=\"http:\/\/www.w3.org\/2000\/svg\" xmlns:xlink=\"http:\/\/www.w3.org\/1999\/xlink\" preserveAspectRatio=\"xMidYMid meet\" viewBox=\"0 0 90 8\" width=\"90\" height=\"8\"><defs><path d=\"M90 8L82.5 0L75 8L67.5 0L60 8L52.5 0L45 8L37.5 0L30 8L22.5 0L15 8L7.5 0L0 8\" id=\"a6L8UcKib\"><\/path><\/defs><g><g><use xlink:href=\"#a6L8UcKib\" opacity=\"1\" fill-opacity=\"0\" stroke=\"#000000\" stroke-width=\"1\" stroke-opacity=\"1\"><\/use><\/g><\/g><\/svg><\/div><\/div>[vc_column_text css=&#8221;&#8221;]<\/p>\r\n<p><span style=\"color: #808080;\"><span style=\"font-family: Barlow, serif;\"><span style=\"font-size: medium;\"><span lang=\"en-US\">The rear of the Mayorazgo Palace is occupied by a Municipal art gallery that collects works of local artists and the first prizes of the contest of painting &#8220;Ciudad de Arcos&#8221;<\/span><\/span><\/span><\/span><\/p>\r\n<p style=\"text-align: justify;\"><span style=\"color: #808080;\"><span style=\"font-family: Barlow, serif;\"><span style=\"font-size: medium;\"><span lang=\"en-US\"> Maldonado street, 11<\/span><\/span><\/span><\/span><\/p>\r\n<p style=\"text-align: justify;\"><span style=\"color: #808080;\"><span style=\"font-family: Barlow, serif;\"><span style=\"font-size: medium;\"><span lang=\"en-US\">OPENING HOURS: <\/span><\/span><\/span><\/span><\/p>\r\n<div id=\"tw-container\" class=\"\" data-cp=\"1\" data-ddp=\"true\" data-drd=\"1700\" data-drt=\"10000\" data-is-rde=\"false\" data-is-ver=\"false\" data-nnttsvi=\"1\" data-sletp=\"false\" data-sm=\"1\" data-ssbp=\"false\" data-sugg-time=\"500\" data-sugg-url=\"https:\/\/clients1.google.com\/complete\/search\" data-tcp=\"geluk met jou verjaarsdag,gelukkige verjaarsdag,awoda pa,\u1218\u120d\u12ab\u121d \u120d\u12f0\u1275,\u0639\u064a\u062f \u0645\u064a\u0644\u0627\u062f \u0633\u0639\u064a\u062f,\u099c\u09a8\u09cd\u09ae\u09a6\u09bf\u09a8\u09f0 \u0993\u09b2\u0997 \u099c\u09a8\u09be\u09b2\u09cb\u0981,aski mara phuqhawi,do\u011fum g\u00fcn\u00fcn m\u00fcbar\u0259k,ad g\u00fcn\u00fcn m\u00fcbar\u0259k,\u0437 \u0434\u043d\u0451\u043c \u043d\u0430\u0440\u0430\u0434\u0436\u044d\u043d\u043d\u044f,\u0447\u0435\u0441\u0442\u0438\u0442 \u0440\u043e\u0436\u0434\u0435\u043d \u0434\u0435\u043d,\u091c\u0928\u094d\u092e \u0926\u093f\u0928 \u0915\u0947 \u0936\u0941\u092d \u0915\u093e\u092e\u0928\u093e,sanb\u03b5 sanb\u03b5,\u09b6\u09c1\u09ad \u099c\u09a8\u09cd\u09ae\u09a6\u09bf\u09a8,sretan ro\u0111endan,per molts anys,feli\u00e7 aniversari,malipayong adlawng natawhan,\u06cc\u0627\u062f\u06cc \u0644\u06d5\u062f\u0627\u06cc\u06a9 \u0628\u0648\u0648\u0646\u062a \u067e\u06cc\u0631\u06c6\u0632 \u0628\u06ce\u062a,felice anniversariu,v\u0161echno nejlep\u0161\u00ed k narozenin\u00e1m,pen-blwydd hapus,penblwydd hapus,tillykke med f\u00f8dselsdagen,alles gute zum geburtstag,\u0938\u093e\u0932\u0917\u093f\u0930\u0939\u094d \u092e\u092c\u093e\u0930\u0915,\u0787\u07aa\u078a\u07a7\u0788\u07ac\u0783\u07a8 \u0787\u07aa\u078a\u07a6\u0782\u07b0\u078b\u07aa\u0788\u07a6\u0780\u07ac\u0787\u07b0,dzigbe z\u00e3 nyuie na w\u00f2,\u03c7\u03b1\u03c1\u03bf\u03cd\u03bc\u03b5\u03bd\u03b1 \u03b3\u03b5\u03bd\u03ad\u03b8\u03bb\u03b9\u03b1,happy birthday,feli\u0109an naski\u011dtagon,feliz cumplea\u00f1os,palju \u00f5nne s\u00fcnnip\u00e4evaks,zorionak,\u062a\u0648\u0644\u062f\u062a \u0645\u0628\u0627\u0631\u06a9,hyv\u00e4\u00e4 syntym\u00e4p\u00e4iv\u00e4\u00e4,joyeux anniversaire,lokkige jierdei,l\u00e1 breithe sona,l\u00e1 breithe shona duit,co-l\u00e0-breith math,feliz aniversario,vy'apav\u1ebd,\u091c\u0932\u094d\u092e\u0926\u093f\u0938\u093e\u091a\u0940 \u092a\u0930\u092c\u0940,\u0a9c\u0aa8\u0acd\u0aae\u0aa6\u0abf\u0ab5\u0ab8\u0aa8\u0ac0 \u0ab6\u0ac1\u0aad\u0ac7\u0a9a\u0acd\u0a9b\u0abe,\u0a9c\u0aa8\u0acd\u0aae\u0aa6\u0abf\u0ab5\u0ab8 \u0aa8\u0ac0 \u0ab6\u0ac1\u0aad\u0a95\u0abe\u0aae\u0aa8\u0abe,barka da ranar haihuwa,hau\u02bboli l\u0101 h\u0101nau,\u091c\u0928\u094d\u092e\u0926\u093f\u0928 \u0915\u0940 \u0936\u0941\u092d\u0915\u093e\u092e\u0928\u093e\u090f\u0902,\u091c\u0928\u094d\u092e\u0926\u093f\u0928 \u0915\u0940 \u0936\u0941\u092d\u0915\u093e\u092e\u0928\u093e\u090f\u0901,sretan ro\u0111endan,b\u00f2n f\u00e8t,boldog sz\u00fclet\u00e9snapot,\u056e\u0576\u0578\u0582\u0576\u0564\u0564 \u0577\u0576\u0578\u0580\u0570\u0561\u057e\u0578\u0580,selamat ulang tahun,ezi ncheta \u1ee5b\u1ecdch\u1ecb \u1ecdm\u1ee5m\u1ee5,ezi ncheta \u1ecdm\u1ee5m\u1ee5,naragsak a panagkasangay,til hamingju me\u00f0 afm\u00e6li\u00f0,buon compleanno,\u05d9\u05d5\u05dd \u05d4\u05d5\u05dc\u05d3\u05ea \u05e9\u05de\u05d7,\u8a95\u751f\u65e5\u304a\u3081\u3067\u3068\u3046,\u304a\u8a95\u751f\u65e5\u304a\u3081\u3067\u3068\u3046,sugeng ambal warsa,sugeng tanggap warsa,\u10d2\u10d8\u10da\u10dd\u10ea\u10d0\u10d5\u10d7 \u10d3\u10d0\u10d1\u10d0\u10d3\u10d4\u10d1\u10d8\u10e1 \u10d3\u10e6\u10d4\u10e1,\u10d2\u10d8\u10da\u10dd\u10ea\u10d0\u10d5 \u10d3\u10d0\u10d1\u10d0\u10d3\u10d4\u10d1\u10d8\u10e1 \u10d3\u10e6\u10d4\u10e1,\u0442\u0443\u0493\u0430\u043d \u043a\u04af\u043d \u049b\u04b1\u0442\u0442\u044b \u0431\u043e\u043b\u0441\u044b\u043d,\u0442\u0443\u044b\u043b\u0493\u0430\u043d \u043a\u04af\u043d\u0456\u04a3\u043c\u0435\u043d,\u179a\u17b8\u1780\u179a\u17b6\u1799\u1790\u17d2\u1784\u17c3\u1781\u17bd\u1794\u1780\u17c6\u178e\u17be\u178f,\u179a\u17b8\u1780\u179a\u17b6\u1799\u200b\u1790\u17d2\u1784\u17c3\u200b\u1780\u17c6\u178e\u17be\u178f,\u0cb9\u0cc1\u0c9f\u0ccd\u0c9f\u0cc1\u0cb9\u0cac\u0ccd\u0cac\u0ca6 \u0cb6\u0cc1\u0cad\u0cbe\u0cb6\u0caf\u0c97\u0cb3\u0cc1,\u0c9c\u0ca8\u0ccd\u0cae\u0ca6\u0cbf\u0ca8\u0ca6 \u0cb6\u0cc1\u0cad\u0cbe\u0cb6\u0caf\u0c97\u0cb3\u0cc1,\uc0dd\uc77c \ucd95\ud558\ud569\ub2c8\ub2e4,\uc0dd\uc77c \ucd95\ud558\ud574\uc694,api batde,rojb\u00fbna te p\u00eeroz be,\u0442\u0443\u0443\u043b\u0433\u0430\u043d \u043a\u04af\u043d\u04af\u04a3\u04af\u0437 \u043c\u0435\u043d\u0435\u043d,\u0442\u0443\u0443\u043b\u0433\u0430\u043d \u043a\u0443\u043d\u0443\u04a3\u0443\u0437 \u043c\u0435\u043d\u0435\u043d \u043a\u0443\u0442\u0442\u0443\u043a\u0442\u0430\u0439\u043c,felix natalis,alles guddes fir de gebuertsdag,amazaalibwa amalungi,mbotama elamu,\u0eaa\u0eb8\u0e81\u0eaa\u0eb1\u0e99\u0ea7\u0eb1\u0e99\u0ec0\u0e81\u0eb5\u0e94,\u0eaa\u0eb8\u0e81\u200b\u0eaa\u0eb1\u0e99\u200b\u0ea7\u0eb1\u0e99\u200b\u0ec0\u0e81\u0eb5\u0e94,su gimtadieniu,piancham chibai,daudz laimes dzim\u0161anas dien\u0101,\u091c\u0928\u094d\u092e\u0926\u093f\u0928\u0915 \u0936\u0941\u092d\u0915\u093e\u092e\u0928\u093e,tratry ny tsingerin-taona,tratry ny tsingerintaona nahaterahana,\u0441\u0440\u0435\u045c\u0435\u043d \u0440\u043e\u0434\u0435\u043d\u0434\u0435\u043d,\u0d1c\u0d28\u0d4d\u0d2e\u0d26\u0d3f\u0d28\u0d3e\u0d36\u0d02\u0d38\u0d15\u0d7e,\u0442\u04e9\u0440\u0441\u04e9\u043d \u04e9\u0434\u0440\u0438\u0439\u043d \u043c\u044d\u043d\u0434 \u0445\u04af\u0440\u0433\u044d\u0435,\u0442\u04e9\u0440\u0441\u04e9\u043d \u04e9\u0434\u0440\u0438\u0439\u043d \u043c\u044d\u043d\u0434,\uabc5\uabe8\uabe1\uabc9\uabe5\uabcf\uabd4\uabd5 \uabc4\uabe3\uabdb\uabc4 \uabc5\uabe8\uabc3\uabe4\uabe0,\u0935\u093e\u0922\u0926\u093f\u0935\u0938\u093e\u091a\u094d\u092f\u093e \u0936\u0941\u092d\u0947\u091a\u094d\u091b\u093e,\u0935\u093e\u0922\u0926\u093f\u0935\u0938\u093e\u091a\u094d\u092f\u093e \u0939\u093e\u0930\u094d\u0926\u093f\u0915 \u0936\u0941\u092d\u0947\u091a\u094d\u091b\u093e,selamat hari lahir,xewqat sbie\u0127 f'g\u0127eluq sninek,\u1015\u103b\u1031\u102c\u103a\u101b\u103d\u103e\u1004\u103a\u1016\u103d\u101a\u103a \u1019\u103d\u1031\u1038\u1014\u1031\u1037\u1016\u103c\u1005\u103a\u1015\u102b\u1005\u1031,\u1015\u103b\u1031\u102c\u103a\u101b\u103d\u103e\u1004\u103a\u1005\u101b\u102c\u1019\u103d\u1031\u1038\u1014\u1031\u1037\u1016\u103c\u1005\u103a\u1015\u102b\u1005\u1031,\u091c\u0928\u094d\u092e \u0926\u093f\u0928\u0915\u094b \u0936\u0941\u092d\u0915\u093e\u092e\u0928\u093e,gefeliciteerd met je verjaardag,gefeliciteerd,gratulerer med dagen,matswalo a mabotse,tsiku labwino lobadwa,baga guyyaa dhaloota kee geesse,\u0b1c\u0b28\u0b4d\u0b2e\u0b26\u0b3f\u0b28\u0b30 \u0b36\u0b41\u0b2d\u0b47\u0b1a\u0b4d\u0b1b\u0b3e,\u0b1c\u0b28\u0b4d\u0b2e\u0b26\u0b3f\u0b28\u0b30 \u0b05\u0b2d\u0b3f\u0b28\u0b28\u0b4d\u0b26\u0b28,\u0a1c\u0a28\u0a2e\u0a26\u0a3f\u0a28 \u0a26\u0a40\u0a06\u0a02 \u0a35\u0a27\u0a3e\u0a08\u0a06\u0a02,\u0a1c\u0a28\u0a2e\u0a26\u0a3f\u0a28 \u0a2e\u0a41\u0a2c\u0a3e\u0a30\u0a15,wszystkiego najlepszego z okazji urodzin,\u06a9\u0644\u06cc\u0632\u0647 \u062f\u06cc \u0646\u06cc\u06a9\u0645\u0631\u063a\u0647,feliz anivers\u00e1rio,punchawniykipi kusikuni,la mul\u021bi ani,\u0441 \u0434\u043d\u0435\u043c \u0440\u043e\u0436\u0434\u0435\u043d\u0438\u044f,isabukuru nziza,\u0936\u0941\u092d\u0902 \u091c\u0928\u094d\u092e\u0926\u093f\u0928\u092e\u094d\u200c,\u062c\u0646\u0645 \u068f\u064a\u0646\u0647\u0646 \u0645\u0628\u0627\u0631\u06aa,\u0dc3\u0dd4\u0db6 \u0d8b\u0db4\u0db1\u0dca \u0daf\u0dd2\u0db1\u0dba\u0d9a\u0dca,v\u0161etko najlep\u0161ie k narodenin\u00e1m,\u0161\u0165astn\u00e9 narodeniny,vse najbolj\u0161e,manuia asofanau,bhavhadhe rinofadza,maalin dhalasheed farxad leh,dhalasho wacan,g\u00ebzuar dit\u00eblindjen,\u0441\u0440\u0435\u045b\u0430\u043d \u0440\u043e\u0452\u0435\u043d\u0434\u0430\u043d,letsatsi le monate la tsoalo,wilujeung milangkala,wilujeung tepang taun,grattis p\u00e5 f\u00f6delsedagen,heri ya siku ya kuzaliwa,\u0baa\u0bbf\u0bb1\u0ba8\u0bcd\u0ba4\u0ba8\u0bbe\u0bb3\u0bcd \u0bb5\u0bbe\u0bb4\u0bcd\u0ba4\u0bcd\u0ba4\u0bc1\u0b95\u0bb3\u0bcd,\u0baa\u0bbf\u0bb1\u0ba8\u0bcd\u0ba4\u0ba8\u0bbe\u0bb3\u0bcd \u0bb5\u0bbe\u0bb4\u0bcd\u0ba4\u0bcd\u0ba4\u0bc1\u0b95\u0bcd\u0b95\u0bb3\u0bcd,\u0c2a\u0c41\u0c1f\u0c4d\u0c1f\u0c3f\u0c28\u0c30\u0c4b\u0c1c\u0c41 \u0c36\u0c41\u0c2d\u0c3e\u0c15\u0c3e\u0c02\u0c15\u0c4d\u0c37\u0c32\u0c41,\u0437\u043e\u0434\u0440\u04ef\u0437 \u043c\u0443\u0431\u043e\u0440\u0430\u043a,\u0e2a\u0e38\u0e02\u0e2a\u0e31\u0e19\u0e15\u0e4c\u0e27\u0e31\u0e19\u0e40\u0e01\u0e34\u0e14,\u12a5\u1295\u12b3\u12d5 \u1270\u12c8\u1208\u12f5\u12ab,doglan g\u00fcn\u00fc\u0148 bilen,maligayang kaarawan,do\u011fum g\u00fcn\u00fcn\u00fcz kutlu olsun,do\u011fum g\u00fcn\u00fcn kutlu olsun,siku lerinene ro velekiwa,\u0442\u0443\u0433\u0430\u043d \u043a\u04e9\u043d \u0431\u0435\u043b\u04d9\u043d,\u0437 \u0434\u043d\u0435\u043c \u043d\u0430\u0440\u043e\u0434\u0436\u0435\u043d\u043d\u044f,\u0633\u0627\u0644\u06af\u0631\u06c1 \u0645\u0628\u0627\u0631\u06a9,\u0633\u0627\u0644\u06af\u0631\u06c1 \u0645\u0628\u0627\u0631\u06a9 \u06c1\u0648,tug\u02bbilgan kuningiz bilan,tug'ilgan kun muborak bo'lsin,ch\u00fac m\u1eebng sinh nh\u1eadt,mini emnandi,nwabela usuku lwakho owaqala ngalo,o ku\u0301 a\u0300ya\u0301j\u1ecd\u0301 \u1ecdj\u1ecd\u0301 i\u0300bi\u0301,o ku ojo ibi,\u751f\u65e5\u5feb\u4e50,\u751f\u65e5\u5feb\u6a02,sikufisela usuku lokuzalwa oluhle,usuku olumnandi lokuzalwa\" data-uilc=\"es\" data-vil=\",af,af-ZA,am,am-ET,ar-EG,ar-AE,ar-KW,ar-QA,ar,ar-IL,ar-JO,ar-LB,ar-PS,az,az-AZ,bg,bg-BG,bn,bn-BD,bn-IN,ca,ca-es,cs,cs-CZ,de,de-DE,de-CH,de-AT,de-LI,en,en-US,en-CA,en-AU,en-NZ,en-GB,en-IN,en-KE,en-TZ,en-NG,en-GH,en-PH,en-ZA,es,es-ES,es-AR,es-UY,es-419,es-BO,es-CL,es-CR,es-CO,es-DO,es-EC,es-GT,es-HN,es-NI,es-PA,es-PE,es-PR,es-PY,es-SV,es-VE,es-MX,es-US,eu,eu-ES,fi,fi-FI,fr,fr-FR,fr-CH,fr-BE,gl,gl-ES,gu,gu-IN,he,he-IL,iw,iw-IL,hu,hu-HU,hy,hy-AM,id,id-ID,is,is-IS,it,it-IT,it-CH,ja,ja-JP,jv,jv-ID,ka,ka-GE,km,km-KH,kn,kn-IN,ko,ko-KR,la,lo,lo-LA,lv,lv-LV,ml,ml-IN,mr,mr-IN,ms,ms-MY,nl,nl-NL,nb,nb-NO,ne,ne-NP,pl,pl-PL,pt,pt-BR,pt-PT,ro,ro-RO,ru,ru-RU,si-LK,sk,sk-SK,sr,sr-RS,su,su-ID,sv,sv-SE,sw,sw-TZ,sw-KE,ta,ta-IN,ta-SG,ta-LK,ta-MY,te,te-IN,tr,tr-TR,ur,ur-PK,ur-IN,yue,yue-HK,yue-Hant-HK,zh-HK,zh,zh-CN,zh-cmn,zh-cmn-CN,zh-Hans,zh-Hans-CN,zh-cmn-Hans,zh-cmn-Hans-CN,cmn-CN,cmn-Hans,cmn-Hans-CN,zh-TW,zh-Hant-TW,cmn-TW,cmn-Hant-TW,zh-cmn-TW,zh-cmn-Hant-TW,zu,zu-ZA,hi,hi-IN,tl,tl-PH,pa,pa-IN\">\r\n<div id=\"tw-ob\" class=\"tw-src-ltr\">\r\n<div class=\"oSioSc\">\r\n<div id=\"tw-target\">\r\n<div id=\"kAz1tf\" class=\"g9WsWb PZPZlf\" data-attrid=\"tw-targetArea\" data-entityname=\"Google Translate\">\r\n<div id=\"tw-target-text-container\" class=\"tw-ta-container F0azHf tw-nfl\" tabindex=\"0\">\r\n<p dir=\"ltr\" data-placeholder=\"Traducci\u00f3n\" aria-label=\"Texto traducido\" data-ved=\"2ahUKEwj04t_c14KGAxVyUqQEHSnrAw0Q3ewLegQIBRAU\">Monday:\u00a0 \u00a0 \u00a0 \u00a0 \u00a0 \u00a0 \u00a0 \u00a0 \u00a0 \u00a0 \u00a0 \u00a0 \u00a0 \u00a010 a.m. to 2:30 p.m.<\/p>\r\n<p dir=\"ltr\" data-placeholder=\"Traducci\u00f3n\" aria-label=\"Texto traducido\" data-ved=\"2ahUKEwj04t_c14KGAxVyUqQEHSnrAw0Q3ewLegQIBRAU\">Tuesday and Saturday:\u00a0 \u00a0 \u00a0 \u00a09 a.m. to 7:30 p.m.<\/p>\r\n<p dir=\"ltr\" data-placeholder=\"Traducci\u00f3n\" aria-label=\"Texto traducido\" data-ved=\"2ahUKEwj04t_c14KGAxVyUqQEHSnrAw0Q3ewLegQIBRAU\">Sundays:\u00a0 \u00a0 \u00a0 \u00a0 \u00a0 \u00a0 \u00a0 \u00a0 \u00a0 \u00a0 \u00a0 \u00a0 \u00a0 \u00a0 10 a.m. to 2:30 p.m.<\/p>\r\n<p dir=\"ltr\" data-placeholder=\"Traducci\u00f3n\" aria-label=\"Texto traducido\" data-ved=\"2ahUKEwj04t_c14KGAxVyUqQEHSnrAw0Q3ewLegQIBRAU\">Price: Free<\/p>\r\n<\/div>\r\n<\/div>\r\n<\/div>\r\n<\/div>\r\n<\/div>\r\n<\/div>\r\n<div class=\"KFFQ0c xKf9F\">\u00a0<\/div>\r\n<p><span style=\"color: #808080;\"><span style=\"font-family: Barlow, serif;\"><span style=\"font-size: medium;\"><span lang=\"en-US\">Information: Telf.: 956 70 30 13 \/ <\/span><\/span><\/span><u><a style=\"color: #808080;\" href=\"mailto:cultura@arcosdelafrontera.es\"><span style=\"font-family: Barlow, serif;\"><span style=\"font-size: medium;\"><span lang=\"en-US\">cultura@arcosdelafrontera.es<\/span><\/span><\/span><\/a><\/u><span style=\"font-family: Barlow, serif;\"><span style=\"font-size: medium;\"><span lang=\"en-US\"> (Organization of Cultural events)<\/span><\/span><\/span><\/span><\/p>\r\n<p>[\/vc_column_text][vc_empty_space height=&#8221;40px&#8221;]<div id=\"dt-gallery-cbd\" class=\"delicious-gallery-wrapper\" data-token=\"XhwXr\"><ul class=\"delicious-gallery isotope dt-gallery is-grid dt-gap-20\"><li class=\"delicious-gallery-item  \"><a class=\"not-link dt-lightbox-gallery\" title=\"\" href=\"https:\/\/www.turismoarcos.es\/wp-content\/uploads\/2021\/03\/ARCOS.2-189.jpg\"><img loading=\"lazy\" decoding=\"async\" class=\"no-lazy\" src=\"https:\/\/www.turismoarcos.es\/wp-content\/uploads\/2021\/03\/ARCOS.2-189-490x380.jpg\" width=\"800\" height=\"533\" alt=\"\" \/><div class=\"delicious-gallery-on-hover\"><svg version=\"1.1\" x=\"0px\" y=\"0px\" viewBox=\"0 0 100 125\"><g transform=\"translate(0,-952.36218)\"><path style=\"font-size:medium;font-style:normal;font-variant:normal;font-weight:normal;font-stretch:normal;text-indent:0;text-align:start;text-decoration:none;line-height:normal;letter-spacing:normal;word-spacing:normal;text-transform:none;direction:ltr;block-progression:tb;writing-mode:lr-tb;text-anchor:start;baseline-shift:baseline;opacity:1;color:#000000;fill:#000000;fill-opacity:1;stroke:none;stroke-width:2;marker:none;visibility:visible;display:inline;overflow:visible;enable-background:accumulate;font-family:Sans;-inkscape-font-specification:Sans\" d=\"M 49.875 6.96875 A 1.0001 1.0001 0 0 0 49 8 L 49 49 L 8 49 A 1.0001 1.0001 0 0 0 7.8125 49 A 1.0043849 1.0043849 0 0 0 8 51 L 49 51 L 49 92 A 1.0001 1.0001 0 1 0 51 92 L 51 51 L 92 51 A 1.0001 1.0001 0 1 0 92 49 L 51 49 L 51 8 A 1.0001 1.0001 0 0 0 49.875 6.96875 z \" transform=\"translate(0,952.36218)\"\/><\/g><\/svg><\/div><\/a><\/li><li class=\"delicious-gallery-item  \"><a class=\"not-link dt-lightbox-gallery\" title=\"PINACOTECA\" href=\"https:\/\/www.turismoarcos.es\/wp-content\/uploads\/2021\/03\/ARCOS.2-191.jpg\"><img loading=\"lazy\" decoding=\"async\" class=\"no-lazy\" src=\"https:\/\/www.turismoarcos.es\/wp-content\/uploads\/2021\/03\/ARCOS.2-191-490x380.jpg\" width=\"800\" height=\"533\" alt=\"PINACOTECA\" \/><div class=\"delicious-gallery-on-hover\"><span class=\"is-alt-text\">PINACOTECA<\/span><\/div><\/a><\/li><\/ul><\/div>[\/vc_column][\/vc_row][vc_row][vc_column][vc_empty_space][vc_separator color=&#8221;green&#8221;][\/vc_column][\/vc_row][vc_row full_width=&#8221;stretch_row_content_no_spaces&#8221; equal_height=&#8221;yes&#8221;][vc_column width=&#8221;1\/2&#8243; css=&#8221;.vc_custom_1623918048309{padding-top: 150px !important;padding-bottom: 150px !important;background-image: url(http:\/\/nueva.turismoarcos.es\/wp-content\/uploads\/2021\/06\/Galerias-de-arte-2.jpg?id=2197) !important;background-position: center !important;background-repeat: no-repeat !important;background-size: cover !important;}&#8221;][\/vc_column][vc_column width=&#8221;1\/2&#8243; dt_animation=&#8221;wow fadeInUp&#8221; css=&#8221;.vc_custom_1497331211586{padding-top: 100px !important;padding-right: 80px !important;padding-bottom: 80px !important;padding-left: 80px !important;background-color: #fafafa !important;}&#8221; dt_animation_delay=&#8221;0.3&#8243;]<div class=\"title-center\"><div class=\"dt-title-wrapper section-title-big style-1\"><h2 class=\"section-title\">ARTISAN ESTABLISHMENTS<\/h2><svg class=\"zigzag\" version=\"1.1\" xmlns=\"http:\/\/www.w3.org\/2000\/svg\" xmlns:xlink=\"http:\/\/www.w3.org\/1999\/xlink\" preserveAspectRatio=\"xMidYMid meet\" viewBox=\"0 0 90 8\" width=\"90\" height=\"8\"><defs><path d=\"M90 8L82.5 0L75 8L67.5 0L60 8L52.5 0L45 8L37.5 0L30 8L22.5 0L15 8L7.5 0L0 8\" id=\"a6L8UcKib\"><\/path><\/defs><g><g><use xlink:href=\"#a6L8UcKib\" opacity=\"1\" fill-opacity=\"0\" stroke=\"#000000\" stroke-width=\"1\" stroke-opacity=\"1\"><\/use><\/g><\/g><\/svg><\/div><\/div>[vc_column_text]<\/p>\r\n<ul>\r\n<li><span style=\"color: #808080;\"><strong>Galer\u00eda de Arte &#8220;Arx-Arcis&#8221;<\/strong><\/span><\/li>\r\n<\/ul>\r\n<p><span style=\"color: #808080;\">C\/ Marqu\u00e9s de Torresoto,11 arx-arcis@hotmail.com<\/span><\/p>\r\n<ul>\r\n<li><span style=\"color: #808080;\"><strong>Cer\u00e1micas &#8220;Ram\u00f3n Carrillo&#8221;<\/strong><\/span><\/li>\r\n<\/ul>\r\n<p><span style=\"color: #808080;\">C\/ Boticas,15<\/span><\/p>\r\n<ul>\r\n<li><span style=\"color: #808080;\"><strong>Galer\u00eda de Arte &#8220;San Pedro&#8221;<\/strong><\/span><\/li>\r\n<\/ul>\r\n<p><span style=\"color: #808080;\">C\/ San Pedro,7 gasanpedro@yahoo.es<\/span><\/p>\r\n<ul>\r\n<li><span style=\"color: #808080;\"><strong>Galer\u00eda de Arte &#8220;La Merced&#8221;<\/strong><\/span><\/li>\r\n<\/ul>\r\n<p><span style=\"color: #808080;\">C\/ Marqu\u00e9s de Torresoto,10 gasanpedro@yahoo.es<\/span><\/p>\r\n<p>[\/vc_column_text][vc_empty_space height=&#8221;40px&#8221;][\/vc_column][\/vc_row][vc_row full_width=&#8221;stretch_row&#8221; css=&#8221;.vc_custom_1497330579291{padding-top: 30px !important;padding-bottom: 35px !important;background-color: #ededed !important;}&#8221;][vc_column width=&#8221;1\/12&#8243;][\/vc_column][vc_column width=&#8221;7\/12&#8243;][vc_custom_heading text=&#8221;Do you have any doubt?&#8221; font_container=&#8221;tag:p|font_size:36px|text_align:left|color:%23323232|line_height:42px&#8221; use_theme_fonts=&#8221;yes&#8221; css_animation=&#8221;fadeInUp&#8221;][\/vc_column][vc_column css_animation=&#8221;none&#8221; width=&#8221;3\/12&#8243; dt_animation=&#8221;wow fadeInUp&#8221; dt_animation_delay=&#8221;0.4&#8243;]<div class=\"button-right\"><a  class=\"dt-button green  round  dt-icon-left\" href=\"#\"><i class=\"fa fa-paper-plane-o\"><\/i>Contact Form<\/a><\/div>[\/vc_column][vc_column width=&#8221;1\/12&#8243;][\/vc_column][\/vc_row]<\/p><\/div>","protected":false},"excerpt":{"rendered":"<p>[vc_row full_width=&#8221;stretch_row&#8221; parallax=&#8221;content-moving-fade&#8221; parallax_image=&#8221;3021&#8243; el_id=&#8221;about-us&#8221; dt_color=&#8221;#4dbb67&#8243; dt_color_opacity=&#8221;70&#8243; css=&#8221;.vc_custom_1632124588900{padding-top: 300px !important;padding-bottom: 50px !important;}&#8221;][vc_column width=&#8221;1\/6&#8243;][\/vc_column][vc_column width=&#8221;2\/3&#8243; dt_animation=&#8221;wow fadeInUp&#8221; dt_animation_delay=&#8221;0.3&#8243;][vc_raw_html]JTNDcCUyMGNsYXNzJTNEJTIybW9yYS1zdWJ0aXRsZSUyMGFsaWduY2VudGVyJTIyJTNFTGFuZCUyMG9mJTIwdGFsZW50cy4lM0MlMkZwJTNF[\/vc_raw_html][\/vc_column][vc_column width=&#8221;1\/6&#8243;][\/vc_column][\/vc_row][vc_row][vc_column][vc_column_text]&#8230; <a class=\"excerpt-read-more\" href=\"https:\/\/www.turismoarcos.es\/en\/espacios-culturales\/\"><span>Read More<\/span><\/a><\/p>\n","protected":false},"author":1,"featured_media":0,"parent":0,"menu_order":0,"comment_status":"closed","ping_status":"closed","template":"","meta":{"footnotes":""},"class_list":["post-6085","page","type-page","status-publish","hentry"],"_links":{"self":[{"href":"https:\/\/www.turismoarcos.es\/en\/wp-json\/wp\/v2\/pages\/6085","targetHints":{"allow":["GET"]}}],"collection":[{"href":"https:\/\/www.turismoarcos.es\/en\/wp-json\/wp\/v2\/pages"}],"about":[{"href":"https:\/\/www.turismoarcos.es\/en\/wp-json\/wp\/v2\/types\/page"}],"author":[{"embeddable":true,"href":"https:\/\/www.turismoarcos.es\/en\/wp-json\/wp\/v2\/users\/1"}],"replies":[{"embeddable":true,"href":"https:\/\/www.turismoarcos.es\/en\/wp-json\/wp\/v2\/comments?post=6085"}],"version-history":[{"count":32,"href":"https:\/\/www.turismoarcos.es\/en\/wp-json\/wp\/v2\/pages\/6085\/revisions"}],"predecessor-version":[{"id":18134,"href":"https:\/\/www.turismoarcos.es\/en\/wp-json\/wp\/v2\/pages\/6085\/revisions\/18134"}],"wp:attachment":[{"href":"https:\/\/www.turismoarcos.es\/en\/wp-json\/wp\/v2\/media?parent=6085"}],"curies":[{"name":"wp","href":"https:\/\/api.w.org\/{rel}","templated":true}]}}