{"id":12064,"date":"2023-12-14T11:07:15","date_gmt":"2023-12-14T10:07:15","guid":{"rendered":"https:\/\/www.turismoarcos.es\/events\/llegada-a-arcos-de-papa-noel\/"},"modified":"2023-12-14T11:11:03","modified_gmt":"2023-12-14T10:11:03","slug":"llegada-a-arcos-de-papa-noel","status":"publish","type":"mec-events","link":"https:\/\/www.turismoarcos.es\/fr\/events\/llegada-a-arcos-de-papa-noel\/","title":{"rendered":"LLEGADA A ARCOS DE PAP\u00c1 NO\u00c9L"},"content":{"rendered":"<h4 style=\"text-align: center;\">LLEGADA A ARCOS DE PAP\u00c1 NO\u00c9L<\/h4>\n<h4 id=\"tw-target-text\" class=\"tw-data-text tw-text-large tw-ta\" dir=\"ltr\" style=\"text-align: center;\" data-placeholder=\"Traducci\u00f3n\" data-ved=\"2ahUKEwjxzrKn146DAxVzSKQEHVHyDGIQ3ewLegQIBRAQ\"><span class=\"Y2IQFc\" lang=\"fr\">Vendredi 22 d\u00e9cembre 2023 &#8211; 18h30<\/span><\/h4>\n<h4 style=\"text-align: center;\">Salida de San Juan de Dios (Calle Corredera)<\/h4>\n","protected":false},"excerpt":{"rendered":"<p>LLEGADA A ARCOS DE PAP\u00c1 NO\u00c9L Vendredi 22 d\u00e9cembre 2023 &#8211; 18h30 Salida de San Juan de Dios&#8230; <a class=\"excerpt-read-more\" href=\"https:\/\/www.turismoarcos.es\/fr\/events\/llegada-a-arcos-de-papa-noel\/\"><span>Read More<\/span><\/a><\/p>\n","protected":false},"author":6,"featured_media":12060,"comment_status":"closed","ping_status":"closed","template":"","tags":[],"mec_category":[223],"class_list":["post-12064","mec-events","type-mec-events","status-publish","has-post-thumbnail","hentry","mec_category-delegacion-municipal-de-fiestas-fr"],"_links":{"self":[{"href":"https:\/\/www.turismoarcos.es\/fr\/wp-json\/wp\/v2\/mec-events\/12064","targetHints":{"allow":["GET"]}}],"collection":[{"href":"https:\/\/www.turismoarcos.es\/fr\/wp-json\/wp\/v2\/mec-events"}],"about":[{"href":"https:\/\/www.turismoarcos.es\/fr\/wp-json\/wp\/v2\/types\/mec-events"}],"author":[{"embeddable":true,"href":"https:\/\/www.turismoarcos.es\/fr\/wp-json\/wp\/v2\/users\/6"}],"replies":[{"embeddable":true,"href":"https:\/\/www.turismoarcos.es\/fr\/wp-json\/wp\/v2\/comments?post=12064"}],"wp:featuredmedia":[{"embeddable":true,"href":"https:\/\/www.turismoarcos.es\/fr\/wp-json\/wp\/v2\/media\/12060"}],"wp:attachment":[{"href":"https:\/\/www.turismoarcos.es\/fr\/wp-json\/wp\/v2\/media?parent=12064"}],"wp:term":[{"taxonomy":"post_tag","embeddable":true,"href":"https:\/\/www.turismoarcos.es\/fr\/wp-json\/wp\/v2\/tags?post=12064"},{"taxonomy":"mec_category","embeddable":true,"href":"https:\/\/www.turismoarcos.es\/fr\/wp-json\/wp\/v2\/mec_category?post=12064"}],"curies":[{"name":"wp","href":"https:\/\/api.w.org\/{rel}","templated":true}]}}