{"id":6136,"date":"2021-03-18T13:13:14","date_gmt":"2021-03-18T13:13:14","guid":{"rendered":"https:\/\/www.turismoarcos.es\/iglesia-de-san-pedro\/"},"modified":"2026-01-19T11:22:37","modified_gmt":"2026-01-19T10:22:37","slug":"iglesia-de-san-pedro","status":"publish","type":"page","link":"https:\/\/www.turismoarcos.es\/fr\/iglesia-de-san-pedro\/","title":{"rendered":"L&#8217;\u00c9glise de San Pedro"},"content":{"rendered":"<div class=\"wpb-content-wrapper\">[vc_row full_width=&#8221;stretch_row&#8221; parallax=&#8221;content-moving-fade&#8221; parallax_image=&#8221;1837&#8243; el_id=&#8221;about-us&#8221; dt_color=&#8221;#abd8a6&#8243; dt_color_opacity=&#8221;70&#8243; css=&#8221;.vc_custom_1617784916887{padding-top: 300px !important;padding-bottom: 90px !important;}&#8221;][vc_column width=&#8221;1\/6&#8243;][\/vc_column][vc_column width=&#8221;2\/3&#8243; dt_animation=&#8221;wow fadeInUp&#8221; dt_animation_delay=&#8221;0.3&#8243;]<div class=\"title-center\"><div class=\"dt-title-wrapper section-title-big style-1\"><h2 class=\"section-title\">L'\u00c9glise de San Pedro<\/h2><svg class=\"zigzag\" version=\"1.1\" xmlns=\"http:\/\/www.w3.org\/2000\/svg\" xmlns:xlink=\"http:\/\/www.w3.org\/1999\/xlink\" preserveAspectRatio=\"xMidYMid meet\" viewBox=\"0 0 90 8\" width=\"90\" height=\"8\"><defs><path d=\"M90 8L82.5 0L75 8L67.5 0L60 8L52.5 0L45 8L37.5 0L30 8L22.5 0L15 8L7.5 0L0 8\" id=\"a6L8UcKib\"><\/path><\/defs><g><g><use xlink:href=\"#a6L8UcKib\" opacity=\"1\" fill-opacity=\"0\" stroke=\"#000000\" stroke-width=\"1\" stroke-opacity=\"1\"><\/use><\/g><\/g><\/svg><\/div><\/div>[\/vc_column][vc_column width=&#8221;1\/6&#8243;][\/vc_column][\/vc_row][vc_row][vc_column][vc_column_text][\/vc_column_text][\/vc_column][\/vc_row][vc_row full_width=&#8221;stretch_row_content&#8221; equal_height=&#8221;yes&#8221;][vc_column width=&#8221;1\/2&#8243; css=&#8221;.vc_custom_1616057344094{padding-top: 0px !important;padding-bottom: 0px !important;background-position: center !important;background-repeat: no-repeat !important;background-size: cover !important;}&#8221;]<div id=\"dt-gallery-abe\" class=\"delicious-gallery-wrapper\" data-token=\"ijlP4\"><ul class=\"delicious-gallery isotope dt-gallery is-grid dt-gap-20\"><li class=\"delicious-gallery-item  remove-grayscale\"><a class=\"not-link dt-lightbox-gallery\" title=\"\" href=\"https:\/\/www.turismoarcos.es\/wp-content\/uploads\/2021\/03\/san-pedro4.jpg\"><img loading=\"lazy\" decoding=\"async\" class=\"no-lazy\" src=\"https:\/\/www.turismoarcos.es\/wp-content\/uploads\/2021\/03\/san-pedro4-490x380.jpg\" width=\"533\" height=\"800\" alt=\"\" \/><div class=\"delicious-gallery-on-hover\"><svg version=\"1.1\" x=\"0px\" y=\"0px\" viewBox=\"0 0 100 125\"><g transform=\"translate(0,-952.36218)\"><path style=\"font-size:medium;font-style:normal;font-variant:normal;font-weight:normal;font-stretch:normal;text-indent:0;text-align:start;text-decoration:none;line-height:normal;letter-spacing:normal;word-spacing:normal;text-transform:none;direction:ltr;block-progression:tb;writing-mode:lr-tb;text-anchor:start;baseline-shift:baseline;opacity:1;color:#000000;fill:#000000;fill-opacity:1;stroke:none;stroke-width:2;marker:none;visibility:visible;display:inline;overflow:visible;enable-background:accumulate;font-family:Sans;-inkscape-font-specification:Sans\" d=\"M 49.875 6.96875 A 1.0001 1.0001 0 0 0 49 8 L 49 49 L 8 49 A 1.0001 1.0001 0 0 0 7.8125 49 A 1.0043849 1.0043849 0 0 0 8 51 L 49 51 L 49 92 A 1.0001 1.0001 0 1 0 51 92 L 51 51 L 92 51 A 1.0001 1.0001 0 1 0 92 49 L 51 49 L 51 8 A 1.0001 1.0001 0 0 0 49.875 6.96875 z \" transform=\"translate(0,952.36218)\"\/><\/g><\/svg><\/div><\/a><\/li><li class=\"delicious-gallery-item  remove-grayscale\"><a class=\"not-link dt-lightbox-gallery\" title=\"\" href=\"https:\/\/www.turismoarcos.es\/wp-content\/uploads\/2021\/03\/san-pedro3.jpg\"><img loading=\"lazy\" decoding=\"async\" class=\"no-lazy\" src=\"https:\/\/www.turismoarcos.es\/wp-content\/uploads\/2021\/03\/san-pedro3-490x380.jpg\" width=\"533\" height=\"800\" alt=\"\" \/><div class=\"delicious-gallery-on-hover\"><svg version=\"1.1\" x=\"0px\" y=\"0px\" viewBox=\"0 0 100 125\"><g transform=\"translate(0,-952.36218)\"><path style=\"font-size:medium;font-style:normal;font-variant:normal;font-weight:normal;font-stretch:normal;text-indent:0;text-align:start;text-decoration:none;line-height:normal;letter-spacing:normal;word-spacing:normal;text-transform:none;direction:ltr;block-progression:tb;writing-mode:lr-tb;text-anchor:start;baseline-shift:baseline;opacity:1;color:#000000;fill:#000000;fill-opacity:1;stroke:none;stroke-width:2;marker:none;visibility:visible;display:inline;overflow:visible;enable-background:accumulate;font-family:Sans;-inkscape-font-specification:Sans\" d=\"M 49.875 6.96875 A 1.0001 1.0001 0 0 0 49 8 L 49 49 L 8 49 A 1.0001 1.0001 0 0 0 7.8125 49 A 1.0043849 1.0043849 0 0 0 8 51 L 49 51 L 49 92 A 1.0001 1.0001 0 1 0 51 92 L 51 51 L 92 51 A 1.0001 1.0001 0 1 0 92 49 L 51 49 L 51 8 A 1.0001 1.0001 0 0 0 49.875 6.96875 z \" transform=\"translate(0,952.36218)\"\/><\/g><\/svg><\/div><\/a><\/li><li class=\"delicious-gallery-item  remove-grayscale\"><a class=\"not-link dt-lightbox-gallery\" title=\"\" href=\"https:\/\/www.turismoarcos.es\/wp-content\/uploads\/2021\/03\/san-pedro2.jpg\"><img loading=\"lazy\" decoding=\"async\" class=\"no-lazy\" src=\"https:\/\/www.turismoarcos.es\/wp-content\/uploads\/2021\/03\/san-pedro2-490x380.jpg\" width=\"800\" height=\"533\" alt=\"\" \/><div class=\"delicious-gallery-on-hover\"><svg version=\"1.1\" x=\"0px\" y=\"0px\" viewBox=\"0 0 100 125\"><g transform=\"translate(0,-952.36218)\"><path style=\"font-size:medium;font-style:normal;font-variant:normal;font-weight:normal;font-stretch:normal;text-indent:0;text-align:start;text-decoration:none;line-height:normal;letter-spacing:normal;word-spacing:normal;text-transform:none;direction:ltr;block-progression:tb;writing-mode:lr-tb;text-anchor:start;baseline-shift:baseline;opacity:1;color:#000000;fill:#000000;fill-opacity:1;stroke:none;stroke-width:2;marker:none;visibility:visible;display:inline;overflow:visible;enable-background:accumulate;font-family:Sans;-inkscape-font-specification:Sans\" d=\"M 49.875 6.96875 A 1.0001 1.0001 0 0 0 49 8 L 49 49 L 8 49 A 1.0001 1.0001 0 0 0 7.8125 49 A 1.0043849 1.0043849 0 0 0 8 51 L 49 51 L 49 92 A 1.0001 1.0001 0 1 0 51 92 L 51 51 L 92 51 A 1.0001 1.0001 0 1 0 92 49 L 51 49 L 51 8 A 1.0001 1.0001 0 0 0 49.875 6.96875 z \" transform=\"translate(0,952.36218)\"\/><\/g><\/svg><\/div><\/a><\/li><li class=\"delicious-gallery-item  remove-grayscale\"><a class=\"not-link dt-lightbox-gallery\" title=\"\" href=\"https:\/\/www.turismoarcos.es\/wp-content\/uploads\/2021\/03\/san-pedro1.jpg\"><img loading=\"lazy\" decoding=\"async\" class=\"no-lazy\" src=\"https:\/\/www.turismoarcos.es\/wp-content\/uploads\/2021\/03\/san-pedro1-490x380.jpg\" width=\"800\" height=\"533\" alt=\"\" \/><div class=\"delicious-gallery-on-hover\"><svg version=\"1.1\" x=\"0px\" y=\"0px\" viewBox=\"0 0 100 125\"><g transform=\"translate(0,-952.36218)\"><path style=\"font-size:medium;font-style:normal;font-variant:normal;font-weight:normal;font-stretch:normal;text-indent:0;text-align:start;text-decoration:none;line-height:normal;letter-spacing:normal;word-spacing:normal;text-transform:none;direction:ltr;block-progression:tb;writing-mode:lr-tb;text-anchor:start;baseline-shift:baseline;opacity:1;color:#000000;fill:#000000;fill-opacity:1;stroke:none;stroke-width:2;marker:none;visibility:visible;display:inline;overflow:visible;enable-background:accumulate;font-family:Sans;-inkscape-font-specification:Sans\" d=\"M 49.875 6.96875 A 1.0001 1.0001 0 0 0 49 8 L 49 49 L 8 49 A 1.0001 1.0001 0 0 0 7.8125 49 A 1.0043849 1.0043849 0 0 0 8 51 L 49 51 L 49 92 A 1.0001 1.0001 0 1 0 51 92 L 51 51 L 92 51 A 1.0001 1.0001 0 1 0 92 49 L 51 49 L 51 8 A 1.0001 1.0001 0 0 0 49.875 6.96875 z \" transform=\"translate(0,952.36218)\"\/><\/g><\/svg><\/div><\/a><\/li><li class=\"delicious-gallery-item  remove-grayscale\"><a class=\"not-link dt-lightbox-gallery\" title=\"\" href=\"https:\/\/www.turismoarcos.es\/wp-content\/uploads\/2021\/03\/san-pedro6.jpg\"><img loading=\"lazy\" decoding=\"async\" class=\"no-lazy\" src=\"https:\/\/www.turismoarcos.es\/wp-content\/uploads\/2021\/03\/san-pedro6-490x380.jpg\" width=\"533\" height=\"800\" alt=\"\" \/><div class=\"delicious-gallery-on-hover\"><svg version=\"1.1\" x=\"0px\" y=\"0px\" viewBox=\"0 0 100 125\"><g transform=\"translate(0,-952.36218)\"><path style=\"font-size:medium;font-style:normal;font-variant:normal;font-weight:normal;font-stretch:normal;text-indent:0;text-align:start;text-decoration:none;line-height:normal;letter-spacing:normal;word-spacing:normal;text-transform:none;direction:ltr;block-progression:tb;writing-mode:lr-tb;text-anchor:start;baseline-shift:baseline;opacity:1;color:#000000;fill:#000000;fill-opacity:1;stroke:none;stroke-width:2;marker:none;visibility:visible;display:inline;overflow:visible;enable-background:accumulate;font-family:Sans;-inkscape-font-specification:Sans\" d=\"M 49.875 6.96875 A 1.0001 1.0001 0 0 0 49 8 L 49 49 L 8 49 A 1.0001 1.0001 0 0 0 7.8125 49 A 1.0043849 1.0043849 0 0 0 8 51 L 49 51 L 49 92 A 1.0001 1.0001 0 1 0 51 92 L 51 51 L 92 51 A 1.0001 1.0001 0 1 0 92 49 L 51 49 L 51 8 A 1.0001 1.0001 0 0 0 49.875 6.96875 z \" transform=\"translate(0,952.36218)\"\/><\/g><\/svg><\/div><\/a><\/li><li class=\"delicious-gallery-item  remove-grayscale\"><a class=\"not-link dt-lightbox-gallery\" title=\"\" href=\"https:\/\/www.turismoarcos.es\/wp-content\/uploads\/2021\/03\/san-pedro7.jpg\"><img loading=\"lazy\" decoding=\"async\" class=\"no-lazy\" src=\"https:\/\/www.turismoarcos.es\/wp-content\/uploads\/2021\/03\/san-pedro7-490x380.jpg\" width=\"600\" height=\"400\" alt=\"\" \/><div class=\"delicious-gallery-on-hover\"><svg version=\"1.1\" x=\"0px\" y=\"0px\" viewBox=\"0 0 100 125\"><g transform=\"translate(0,-952.36218)\"><path style=\"font-size:medium;font-style:normal;font-variant:normal;font-weight:normal;font-stretch:normal;text-indent:0;text-align:start;text-decoration:none;line-height:normal;letter-spacing:normal;word-spacing:normal;text-transform:none;direction:ltr;block-progression:tb;writing-mode:lr-tb;text-anchor:start;baseline-shift:baseline;opacity:1;color:#000000;fill:#000000;fill-opacity:1;stroke:none;stroke-width:2;marker:none;visibility:visible;display:inline;overflow:visible;enable-background:accumulate;font-family:Sans;-inkscape-font-specification:Sans\" d=\"M 49.875 6.96875 A 1.0001 1.0001 0 0 0 49 8 L 49 49 L 8 49 A 1.0001 1.0001 0 0 0 7.8125 49 A 1.0043849 1.0043849 0 0 0 8 51 L 49 51 L 49 92 A 1.0001 1.0001 0 1 0 51 92 L 51 51 L 92 51 A 1.0001 1.0001 0 1 0 92 49 L 51 49 L 51 8 A 1.0001 1.0001 0 0 0 49.875 6.96875 z \" transform=\"translate(0,952.36218)\"\/><\/g><\/svg><\/div><\/a><\/li><li class=\"delicious-gallery-item  remove-grayscale\"><a class=\"not-link dt-lightbox-gallery\" title=\"Iglesia de San Pedro\" href=\"https:\/\/www.turismoarcos.es\/wp-content\/uploads\/2021\/03\/san-pedro5.jpg\"><img loading=\"lazy\" decoding=\"async\" class=\"no-lazy\" src=\"https:\/\/www.turismoarcos.es\/wp-content\/uploads\/2021\/03\/san-pedro5-490x380.jpg\" width=\"533\" height=\"800\" alt=\"Iglesia de San Pedro\" \/><div class=\"delicious-gallery-on-hover\"><span class=\"is-alt-text\">Iglesia de San Pedro<\/span><\/div><\/a><\/li><li class=\"delicious-gallery-item  remove-grayscale\"><a class=\"not-link dt-lightbox-gallery\" title=\"Iglesia de San Pedro\" href=\"https:\/\/www.turismoarcos.es\/wp-content\/uploads\/2021\/04\/sanPedro.jpg\"><img loading=\"lazy\" decoding=\"async\" class=\"no-lazy\" src=\"https:\/\/www.turismoarcos.es\/wp-content\/uploads\/2021\/04\/sanPedro-490x380.jpg\" width=\"683\" height=\"1024\" alt=\"Iglesia de San Pedro\" \/><div class=\"delicious-gallery-on-hover\"><span class=\"is-alt-text\">Iglesia de San Pedro<\/span><\/div><\/a><\/li><\/ul><\/div>[\/vc_column][vc_column width=&#8221;1\/2&#8243; dt_animation=&#8221;wow fadeInUp&#8221; css=&#8221;.vc_custom_1616057854293{padding-top: 70px !important;padding-right: 80px !important;padding-bottom: 80px !important;padding-left: 80px !important;background-color: #fafafa !important;}&#8221; dt_animation_delay=&#8221;0.3&#8243;][vc_column_text css=&#8221;&#8221;]Ce b\u00e2timent du XVI<sup>e<\/sup> si\u00e8cle fut une coll\u00e9giale au XIV<sup>e<\/sup> si\u00e8cle et est construite sur les restes d\u2019une forteresse hispano-musulmane provenant possiblement de l\u2019\u00e9poque almohade et de laquelle se conserve une partie d\u2019une tour polygonale int\u00e9gr\u00e9e dans le chevet de l\u2019\u00e9glise.\r\n\r\nLe plan du b\u00e2timent a une seule nef rectangulaire divis\u00e9e en trois parties et une abside polygonale couverte par une crois\u00e9e d\u2019ogive aux nervures grosses. Le toit du reste du temple se compose d\u2019une crois\u00e9e d\u2019ogive triple. Post\u00e9rieurement six chapelles furent ajout\u00e9es, trois \u00e0 chaque mur lat\u00e9ral de la nef centrale, correspondant au XVI<sup>e<\/sup> et au XVII<sup>e<\/sup> si\u00e8cle et construites dans les styles Renaissance et baroque, respectivement.\r\n\r\nLa fa\u00e7ade principale fut r\u00e9alis\u00e9e au XVIII<sup>e<\/sup> si\u00e8cle dans le style baroque par les architectes Manuel G\u00f3mez et Pedro de Silva sous l\u2019influence de l\u2019\u00e9cole s\u00e9villane. Elle est divis\u00e9e en trois corps. Dans le premier d\u2019eux, nous voyons l\u2019entr\u00e9e, entour\u00e9e par des colonnes appari\u00e9es. Le deuxi\u00e8me corps est s\u00e9par\u00e9 par une frise avec une corniche o\u00f9 nous trouvons une niche avec la sculpture de l\u2019ap\u00f4tre Pierre encadr\u00e9e par des colonnes torses finies en un fronton courbe.\r\n\r\nAu dernier corps nous trouvons les trois cloches dans une arcade triple en plein cintre avec une balustrade et finie en un clocher \u00e0 double baie. A l\u2019int\u00e9rieur, il y a des \u00e9l\u00e9ments \u00e0 remarquer, comme le retable principal, dessin\u00e9 par le sculpteur Ant\u00f3n V\u00e1zquez et ex\u00e9cut\u00e9 par les peintres Ant\u00f3n S\u00e1nchez, Hernando de Sturmio et Pedro Fern\u00e1ndez de Guadalupe en 1547\u00a0; un exemple de l\u2019art espagnol sous l\u2019influence flamande de la premi\u00e8re moiti\u00e9 du XVI<sup>e<\/sup> si\u00e8cle. Il faut \u00e9galement remarquer la Chapelle de la famille Ayll\u00f3n, avec un excellent retable plateresque, ainsi que la sculpture de la Berg\u00e8re Divine, attribu\u00e9e \u00e0 Luisa Rold\u00e1n, qui est la vierge patronne du clerg\u00e9 de l&#8217;\u00e9glise de San Pedro depuis 1749.\r\n\r\n<strong>\u00a0<\/strong>\r\n\r\nHORAIRES D`\u00c9GLISE:\r\n<p id=\"tw-target-text\" class=\"tw-data-text tw-text-large tw-ta\" dir=\"ltr\" data-placeholder=\"Traducci\u00f3n\" aria-label=\"Texto traducido\" data-ved=\"2ahUKEwj04t_c14KGAxVyUqQEHSnrAw0Q3ewLegQIBRAU\"><span class=\"Y2IQFc\" lang=\"fr\">Du lundi et vendredi : \u00a0 \u00a0 \u00a0 \u00a0 10h30 \u00e0 14h00 \/ 16h30 \u00e0 19h00<\/span><\/p>\r\n<p dir=\"ltr\" data-placeholder=\"Traducci\u00f3n\" aria-label=\"Texto traducido\" data-ved=\"2ahUKEwj04t_c14KGAxVyUqQEHSnrAw0Q3ewLegQIBRAU\">Ferm\u00e9 mardi et J<span class=\"Y2IQFc\" lang=\"fr\">eudi apr\u00e8s-midi<\/span><\/p>\r\n<p class=\"tw-data-text tw-text-large tw-ta\" dir=\"ltr\" data-placeholder=\"Traducci\u00f3n\" aria-label=\"Texto traducido\" data-ved=\"2ahUKEwj04t_c14KGAxVyUqQEHSnrAw0Q3ewLegQIBRAU\"><span class=\"Y2IQFc\" lang=\"fr\">Samedis et <\/span><span class=\"Y2IQFc\" lang=\"fr\">vacances<\/span><span class=\"Y2IQFc\" lang=\"fr\">:\u00a0 \u00a0 \u00a0 \u00a0 \u00a0 \u00a0 de 11h00 \u00e0 17h00<\/span><\/p>\r\n<p id=\"tw-target-text\" class=\"tw-data-text tw-text-large tw-ta\" dir=\"ltr\" tabindex=\"-1\" role=\"text\" data-placeholder=\"Traducci\u00f3n\" data-ved=\"2ahUKEwib17mRr5eSAxXzOfsDHTlkM7oQ3ewLegQIDBAW\" aria-label=\"Texto traducido: les dimanches\"><span class=\"Y2IQFc\" lang=\"fr\">Dimanches:\u00a0 \u00a0de 11h00 \u00e0 18h00<\/span><\/p>\r\n<p class=\"tw-data-text tw-text-large tw-ta\" dir=\"ltr\" data-placeholder=\"Traducci\u00f3n\" aria-label=\"Texto traducido\" data-ved=\"2ahUKEwj04t_c14KGAxVyUqQEHSnrAw0Q3ewLegQIBRAU\"><strong><span class=\"Y2IQFc\" lang=\"fr\">\u00c9GLISE + VUE TOUR :<\/span><\/strong><\/p>\r\n<p class=\"tw-data-text tw-text-large tw-ta\" dir=\"ltr\" data-placeholder=\"Traducci\u00f3n\" aria-label=\"Texto traducido\" data-ved=\"2ahUKEwj04t_c14KGAxVyUqQEHSnrAw0Q3ewLegQIBRAU\"><span class=\"Y2IQFc\" lang=\"fr\">Prix \u200b\u200b: 2 \u20ac pax Temple et 2 \u20ac pax Tour<\/span><\/p>\r\n[\/vc_column_text][vc_empty_space height=&#8221;40px&#8221;][\/vc_column][\/vc_row][vc_row][vc_column][vc_column_text][\/vc_column_text][\/vc_column][\/vc_row][vc_row full_width=&#8221;stretch_row&#8221; css=&#8221;.vc_custom_1497330579291{padding-top: 30px !important;padding-bottom: 35px !important;background-color: #ededed !important;}&#8221;][vc_column width=&#8221;1\/12&#8243;][\/vc_column][vc_column width=&#8221;7\/12&#8243;][vc_custom_heading text=&#8221;As-tu un doute?&#8221; font_container=&#8221;tag:p|font_size:36px|text_align:left|color:%23323232|line_height:42px&#8221; use_theme_fonts=&#8221;yes&#8221; css_animation=&#8221;fadeInUp&#8221;][\/vc_column][vc_column css_animation=&#8221;none&#8221; width=&#8221;3\/12&#8243; dt_animation=&#8221;wow fadeInUp&#8221; dt_animation_delay=&#8221;0.4&#8243;]<div class=\"button-right\"><a  class=\"dt-button green  round  dt-icon-left\" href=\"#\"><i class=\"fa fa-paper-plane-o\"><\/i>FORMULAIRE DE CONTACT<\/a><\/div>[\/vc_column][vc_column width=&#8221;1\/12&#8243;][\/vc_column][\/vc_row][vc_row][vc_column][vc_column_text][\/vc_column_text][\/vc_column][\/vc_row][vc_row][vc_column][vc_column_text][\/vc_column_text][\/vc_column][\/vc_row]<!-- \/wp:post-content --><\/div>","protected":false},"excerpt":{"rendered":"<p>[vc_row full_width=&#8221;stretch_row&#8221; parallax=&#8221;content-moving-fade&#8221; parallax_image=&#8221;1837&#8243; el_id=&#8221;about-us&#8221; dt_color=&#8221;#abd8a6&#8243; dt_color_opacity=&#8221;70&#8243; css=&#8221;.vc_custom_1617784916887{padding-top: 300px !important;padding-bottom: 90px !important;}&#8221;][vc_column width=&#8221;1\/6&#8243;][\/vc_column][vc_column width=&#8221;2\/3&#8243; dt_animation=&#8221;wow fadeInUp&#8221; dt_animation_delay=&#8221;0.3&#8243;][\/vc_column][vc_column width=&#8221;1\/6&#8243;][\/vc_column][\/vc_row][vc_row][vc_column][vc_column_text][\/vc_column_text][\/vc_column][\/vc_row][vc_row&#8230; <a class=\"excerpt-read-more\" href=\"https:\/\/www.turismoarcos.es\/fr\/iglesia-de-san-pedro\/\"><span>Read More<\/span><\/a><\/p>\n","protected":false},"author":1,"featured_media":0,"parent":0,"menu_order":0,"comment_status":"closed","ping_status":"closed","template":"","meta":{"footnotes":""},"class_list":["post-6136","page","type-page","status-publish","hentry"],"_links":{"self":[{"href":"https:\/\/www.turismoarcos.es\/fr\/wp-json\/wp\/v2\/pages\/6136","targetHints":{"allow":["GET"]}}],"collection":[{"href":"https:\/\/www.turismoarcos.es\/fr\/wp-json\/wp\/v2\/pages"}],"about":[{"href":"https:\/\/www.turismoarcos.es\/fr\/wp-json\/wp\/v2\/types\/page"}],"author":[{"embeddable":true,"href":"https:\/\/www.turismoarcos.es\/fr\/wp-json\/wp\/v2\/users\/1"}],"replies":[{"embeddable":true,"href":"https:\/\/www.turismoarcos.es\/fr\/wp-json\/wp\/v2\/comments?post=6136"}],"version-history":[{"count":23,"href":"https:\/\/www.turismoarcos.es\/fr\/wp-json\/wp\/v2\/pages\/6136\/revisions"}],"predecessor-version":[{"id":17533,"href":"https:\/\/www.turismoarcos.es\/fr\/wp-json\/wp\/v2\/pages\/6136\/revisions\/17533"}],"wp:attachment":[{"href":"https:\/\/www.turismoarcos.es\/fr\/wp-json\/wp\/v2\/media?parent=6136"}],"curies":[{"name":"wp","href":"https:\/\/api.w.org\/{rel}","templated":true}]}}