{"id":6666,"date":"2021-03-30T08:23:21","date_gmt":"2021-03-30T08:23:21","guid":{"rendered":"https:\/\/www.turismoarcos.es\/espacios-culturales\/"},"modified":"2026-04-18T11:51:19","modified_gmt":"2026-04-18T10:51:19","slug":"espacios-culturales","status":"publish","type":"page","link":"https:\/\/www.turismoarcos.es\/fr\/espacios-culturales\/","title":{"rendered":"Des Endroits Culturels"},"content":{"rendered":"<div class=\"wpb-content-wrapper\"><p>[vc_row full_width=&#8221;stretch_row&#8221; parallax=&#8221;content-moving-fade&#8221; parallax_image=&#8221;3021&#8243; el_id=&#8221;about-us&#8221; dt_color=&#8221;#4dbb67&#8243; dt_color_opacity=&#8221;70&#8243; css=&#8221;.vc_custom_1632124588900{padding-top: 300px !important;padding-bottom: 50px !important;}&#8221;][vc_column width=&#8221;1\/6&#8243;][\/vc_column][vc_column width=&#8221;2\/3&#8243; dt_animation=&#8221;wow fadeInUp&#8221; dt_animation_delay=&#8221;0.3&#8243;]<div class=\"title-center\"><div class=\"dt-title-wrapper section-title-big style-1\"><h2 class=\"section-title\">Salles d'exposition<\/h2><svg class=\"zigzag\" version=\"1.1\" xmlns=\"http:\/\/www.w3.org\/2000\/svg\" xmlns:xlink=\"http:\/\/www.w3.org\/1999\/xlink\" preserveAspectRatio=\"xMidYMid meet\" viewBox=\"0 0 90 8\" width=\"90\" height=\"8\"><defs><path d=\"M90 8L82.5 0L75 8L67.5 0L60 8L52.5 0L45 8L37.5 0L30 8L22.5 0L15 8L7.5 0L0 8\" id=\"a6L8UcKib\"><\/path><\/defs><g><g><use xlink:href=\"#a6L8UcKib\" opacity=\"1\" fill-opacity=\"0\" stroke=\"#000000\" stroke-width=\"1\" stroke-opacity=\"1\"><\/use><\/g><\/g><\/svg><\/div><\/div>[vc_raw_html]JTNDcCUyMGNsYXNzJTNEJTIybW9yYS1zdWJ0aXRsZSUyMGFsaWduY2VudGVyJTIyJTNFVGllcnJhJTIwZGUlMjB0YWxlbnRvcy4lM0MlMkZwJTNF[\/vc_raw_html][\/vc_column][vc_column width=&#8221;1\/6&#8243;][\/vc_column][\/vc_row][vc_row][vc_column][vc_column_text]<\/p>\r\n<!-- \/wp:post-content -->\r\n<p><!-- wp:shortcode -->[\/vc_column_text][\/vc_column][\/vc_row][vc_row full_width=&#8221;stretch_row_content_no_spaces&#8221; equal_height=&#8221;yes&#8221;][vc_column width=&#8221;1\/2&#8243; css=&#8221;.vc_custom_1623917498080{padding-top: 150px !important;padding-bottom: 150px !important;background-image: url(http:\/\/nueva.turismoarcos.es\/wp-content\/uploads\/2021\/03\/olivares-veas-2.jpg?id=2185) !important;background-position: center !important;background-repeat: no-repeat !important;background-size: cover !important;}&#8221;][\/vc_column][vc_column width=&#8221;1\/2&#8243; dt_animation=&#8221;wow fadeInUp&#8221; css=&#8221;.vc_custom_1497331211586{padding-top: 100px !important;padding-right: 80px !important;padding-bottom: 80px !important;padding-left: 80px !important;background-color: #fafafa !important;}&#8221; dt_animation_delay=&#8221;0.3&#8243;]<div class=\"title-center\"><div class=\"dt-title-wrapper section-title-big style-1\"><h2 class=\"section-title\">Le Th\u00e9\u00e2tre Olivares Veas<\/h2><svg class=\"zigzag\" version=\"1.1\" xmlns=\"http:\/\/www.w3.org\/2000\/svg\" xmlns:xlink=\"http:\/\/www.w3.org\/1999\/xlink\" preserveAspectRatio=\"xMidYMid meet\" viewBox=\"0 0 90 8\" width=\"90\" height=\"8\"><defs><path d=\"M90 8L82.5 0L75 8L67.5 0L60 8L52.5 0L45 8L37.5 0L30 8L22.5 0L15 8L7.5 0L0 8\" id=\"a6L8UcKib\"><\/path><\/defs><g><g><use xlink:href=\"#a6L8UcKib\" opacity=\"1\" fill-opacity=\"0\" stroke=\"#000000\" stroke-width=\"1\" stroke-opacity=\"1\"><\/use><\/g><\/g><\/svg><\/div><\/div>[vc_column_text]<\/p>\r\n<p>Ce th\u00e9\u00e2tre fut construit entre 1910 et 1912 avec la collaboration, des plans et des \u00e9tudes de ses membres Jos\u00e9 Olivares Veas et Manuel Garc\u00eda Soria. Apr\u00e8s des travaux de restauration, le th\u00e9\u00e2tre fut inaugur\u00e9 par la reine Sophie d&#8217;Espagne en 1994. Ici on repr\u00e9sente des pi\u00e8ces th\u00e9\u00e2trales, des concerts, des spectacles scolaires, etc.<\/p>\r\n<p><strong>Adresse<\/strong> : 1 rue Olivares Veas<\/p>\r\n<p><strong>Horaires<\/strong> : selon programmation<\/p>\r\n<p>&nbsp;<\/p>\r\n<p><strong>Information<\/strong>\u00a0: Office de culture\u00a0:T\u00e9l : +34 956 70 30 13<\/p>\r\n<p><a href=\"mailto:cultura@arcosdelafrontera.es\">cultura@arcosdelafrontera.es<\/a><\/p>\r\n<p>[\/vc_column_text][vc_empty_space height=&#8221;40px&#8221;]<div id=\"dt-gallery-ead\" class=\"delicious-gallery-wrapper\" data-token=\"QOmCa\"><ul class=\"delicious-gallery isotope dt-gallery is-grid dt-gap-20\"><li class=\"delicious-gallery-item  \"><a class=\"not-link dt-lightbox-gallery\" title=\"Teatro OLIVARES VEAS\" href=\"https:\/\/www.turismoarcos.es\/wp-content\/uploads\/2021\/03\/olivares-veas-6.jpg\"><img loading=\"lazy\" decoding=\"async\" class=\"no-lazy\" src=\"https:\/\/www.turismoarcos.es\/wp-content\/uploads\/2021\/03\/olivares-veas-6-490x380.jpg\" width=\"800\" height=\"533\" alt=\"Teatro OLIVARES VEAS\" \/><div class=\"delicious-gallery-on-hover\"><span class=\"is-alt-text\">Teatro OLIVARES VEAS<\/span><\/div><\/a><\/li><li class=\"delicious-gallery-item  \"><a class=\"not-link dt-lightbox-gallery\" title=\"Teatro OLIVARES VEAS\" href=\"https:\/\/www.turismoarcos.es\/wp-content\/uploads\/2021\/03\/olivares-veas-5.jpg\"><img loading=\"lazy\" decoding=\"async\" class=\"no-lazy\" src=\"https:\/\/www.turismoarcos.es\/wp-content\/uploads\/2021\/03\/olivares-veas-5-490x380.jpg\" width=\"800\" height=\"533\" alt=\"Teatro OLIVARES VEAS\" \/><div class=\"delicious-gallery-on-hover\"><span class=\"is-alt-text\">Teatro OLIVARES VEAS<\/span><\/div><\/a><\/li><li class=\"delicious-gallery-item  \"><a class=\"not-link dt-lightbox-gallery\" title=\"Teatro OLIVARES VEAS\" href=\"https:\/\/www.turismoarcos.es\/wp-content\/uploads\/2021\/03\/olivares-veas-4.jpg\"><img loading=\"lazy\" decoding=\"async\" class=\"no-lazy\" src=\"https:\/\/www.turismoarcos.es\/wp-content\/uploads\/2021\/03\/olivares-veas-4-490x380.jpg\" width=\"800\" height=\"533\" alt=\"Teatro OLIVARES VEAS\" \/><div class=\"delicious-gallery-on-hover\"><span class=\"is-alt-text\">Teatro OLIVARES VEAS<\/span><\/div><\/a><\/li><li class=\"delicious-gallery-item  \"><a class=\"not-link dt-lightbox-gallery\" title=\"Teatro OLIVARES VEAS\" href=\"https:\/\/www.turismoarcos.es\/wp-content\/uploads\/2021\/03\/olivares-veas-3.jpg\"><img loading=\"lazy\" decoding=\"async\" class=\"no-lazy\" src=\"https:\/\/www.turismoarcos.es\/wp-content\/uploads\/2021\/03\/olivares-veas-3-490x380.jpg\" width=\"800\" height=\"533\" alt=\"Teatro OLIVARES VEAS\" \/><div class=\"delicious-gallery-on-hover\"><span class=\"is-alt-text\">Teatro OLIVARES VEAS<\/span><\/div><\/a><\/li><li class=\"delicious-gallery-item  \"><a class=\"not-link dt-lightbox-gallery\" title=\"Teatro OLIVARES VEAS\" href=\"https:\/\/www.turismoarcos.es\/wp-content\/uploads\/2021\/03\/olivares-veas-2.jpg\"><img loading=\"lazy\" decoding=\"async\" class=\"no-lazy\" src=\"https:\/\/www.turismoarcos.es\/wp-content\/uploads\/2021\/03\/olivares-veas-2-490x380.jpg\" width=\"800\" height=\"533\" alt=\"Teatro OLIVARES VEAS\" \/><div class=\"delicious-gallery-on-hover\"><span class=\"is-alt-text\">Teatro OLIVARES VEAS<\/span><\/div><\/a><\/li><li class=\"delicious-gallery-item  \"><a class=\"not-link dt-lightbox-gallery\" title=\"Teatro OLIVARES VEAS\" href=\"https:\/\/www.turismoarcos.es\/wp-content\/uploads\/2021\/03\/olivares-veas-1.jpg\"><img loading=\"lazy\" decoding=\"async\" class=\"no-lazy\" src=\"https:\/\/www.turismoarcos.es\/wp-content\/uploads\/2021\/03\/olivares-veas-1-490x380.jpg\" width=\"800\" height=\"533\" alt=\"Teatro OLIVARES VEAS\" \/><div class=\"delicious-gallery-on-hover\"><span class=\"is-alt-text\">Teatro OLIVARES VEAS<\/span><\/div><\/a><\/li><\/ul><\/div>[\/vc_column][\/vc_row][vc_row][vc_column][vc_empty_space][vc_separator color=&#8221;green&#8221;][\/vc_column][\/vc_row][vc_row full_width=&#8221;stretch_row_content_no_spaces&#8221; equal_height=&#8221;yes&#8221;][vc_column width=&#8221;1\/2&#8243; css=&#8221;.vc_custom_1623915259339{padding-top: 150px !important;padding-bottom: 150px !important;background-image: url(http:\/\/nueva.turismoarcos.es\/wp-content\/uploads\/2021\/03\/capilla-de-la-misericordia-1.jpg?id=1964) !important;background-position: center !important;background-repeat: no-repeat !important;background-size: cover !important;}&#8221;][\/vc_column][vc_column width=&#8221;1\/2&#8243; dt_animation=&#8221;wow fadeInUp&#8221; css=&#8221;.vc_custom_1497331211586{padding-top: 100px !important;padding-right: 80px !important;padding-bottom: 80px !important;padding-left: 80px !important;background-color: #fafafa !important;}&#8221; dt_animation_delay=&#8221;0.3&#8243;]<div class=\"title-center\"><div class=\"dt-title-wrapper section-title-big style-1\"><h2 class=\"section-title\">La Chapelle de la Misericordia<\/h2><svg class=\"zigzag\" version=\"1.1\" xmlns=\"http:\/\/www.w3.org\/2000\/svg\" xmlns:xlink=\"http:\/\/www.w3.org\/1999\/xlink\" preserveAspectRatio=\"xMidYMid meet\" viewBox=\"0 0 90 8\" width=\"90\" height=\"8\"><defs><path d=\"M90 8L82.5 0L75 8L67.5 0L60 8L52.5 0L45 8L37.5 0L30 8L22.5 0L15 8L7.5 0L0 8\" id=\"a6L8UcKib\"><\/path><\/defs><g><g><use xlink:href=\"#a6L8UcKib\" opacity=\"1\" fill-opacity=\"0\" stroke=\"#000000\" stroke-width=\"1\" stroke-opacity=\"1\"><\/use><\/g><\/g><\/svg><\/div><\/div>[vc_column_text]<\/p>\r\n<p>Le marquis et la marquise de Cadix la fond\u00e8rent en 1490 comme maison pour les enfants orphelins et comme h\u00f4pital pour les femmes. Son portail est fait dans le style gothique-gentil.<\/p>\r\n<p>Elle est utilis\u00e9e actuellement comme salle de conf\u00e9rences.<\/p>\r\n<p><strong>Adresse<\/strong> : 4 rue N\u00fa\u00f1ez de Prado<\/p>\r\n<p><strong>Horaire des visites<\/strong> : selon programmation<\/p>\r\n<p>D\u00e9l\u00e9gation de culture: T\u00e9l:956 70 30 13<\/p>\r\n<p>[\/vc_column_text][vc_empty_space height=&#8221;40px&#8221;]<div id=\"dt-gallery-afe\" class=\"delicious-gallery-wrapper\" data-token=\"JqiI4\"><ul class=\"delicious-gallery isotope dt-gallery is-grid dt-gap-20\"><li class=\"delicious-gallery-item  \"><a class=\"not-link dt-lightbox-gallery\" title=\"Capilla de la Misericordia\" href=\"https:\/\/www.turismoarcos.es\/wp-content\/uploads\/2021\/03\/misericordia.jpg\"><img loading=\"lazy\" decoding=\"async\" class=\"no-lazy\" src=\"https:\/\/www.turismoarcos.es\/wp-content\/uploads\/2021\/03\/misericordia-490x380.jpg\" width=\"300\" height=\"300\" alt=\"Capilla de la Misericordia\" \/><div class=\"delicious-gallery-on-hover\"><span class=\"is-alt-text\">Capilla de la Misericordia<\/span><\/div><\/a><\/li><li class=\"delicious-gallery-item  \"><a class=\"not-link dt-lightbox-gallery\" title=\"\" href=\"https:\/\/www.turismoarcos.es\/wp-content\/uploads\/2021\/03\/banner_Misericordia.jpg\"><img loading=\"lazy\" decoding=\"async\" class=\"no-lazy\" src=\"https:\/\/www.turismoarcos.es\/wp-content\/uploads\/2021\/03\/banner_Misericordia-490x380.jpg\" width=\"1024\" height=\"487\" alt=\"\" \/><div class=\"delicious-gallery-on-hover\"><svg version=\"1.1\" x=\"0px\" y=\"0px\" viewBox=\"0 0 100 125\"><g transform=\"translate(0,-952.36218)\"><path style=\"font-size:medium;font-style:normal;font-variant:normal;font-weight:normal;font-stretch:normal;text-indent:0;text-align:start;text-decoration:none;line-height:normal;letter-spacing:normal;word-spacing:normal;text-transform:none;direction:ltr;block-progression:tb;writing-mode:lr-tb;text-anchor:start;baseline-shift:baseline;opacity:1;color:#000000;fill:#000000;fill-opacity:1;stroke:none;stroke-width:2;marker:none;visibility:visible;display:inline;overflow:visible;enable-background:accumulate;font-family:Sans;-inkscape-font-specification:Sans\" d=\"M 49.875 6.96875 A 1.0001 1.0001 0 0 0 49 8 L 49 49 L 8 49 A 1.0001 1.0001 0 0 0 7.8125 49 A 1.0043849 1.0043849 0 0 0 8 51 L 49 51 L 49 92 A 1.0001 1.0001 0 1 0 51 92 L 51 51 L 92 51 A 1.0001 1.0001 0 1 0 92 49 L 51 49 L 51 8 A 1.0001 1.0001 0 0 0 49.875 6.96875 z \" transform=\"translate(0,952.36218)\"\/><\/g><\/svg><\/div><\/a><\/li><li class=\"delicious-gallery-item  \"><a class=\"not-link dt-lightbox-gallery\" title=\"Capilla de la Misericordia\" href=\"https:\/\/www.turismoarcos.es\/wp-content\/uploads\/2021\/03\/capilla-de-la-misericordia-4.jpg\"><img loading=\"lazy\" decoding=\"async\" class=\"no-lazy\" src=\"https:\/\/www.turismoarcos.es\/wp-content\/uploads\/2021\/03\/capilla-de-la-misericordia-4-490x380.jpg\" width=\"800\" height=\"600\" alt=\"Capilla de la Misericordia\" \/><div class=\"delicious-gallery-on-hover\"><span class=\"is-alt-text\">Capilla de la Misericordia<\/span><\/div><\/a><\/li><li class=\"delicious-gallery-item  \"><a class=\"not-link dt-lightbox-gallery\" title=\"Capilla de la Misericordia\" href=\"https:\/\/www.turismoarcos.es\/wp-content\/uploads\/2021\/03\/capilla-de-la-misericordia-1.jpg\"><img loading=\"lazy\" decoding=\"async\" class=\"no-lazy\" src=\"https:\/\/www.turismoarcos.es\/wp-content\/uploads\/2021\/03\/capilla-de-la-misericordia-1-490x380.jpg\" width=\"533\" height=\"800\" alt=\"Capilla de la Misericordia\" \/><div class=\"delicious-gallery-on-hover\"><span class=\"is-alt-text\">Capilla de la Misericordia<\/span><\/div><\/a><\/li><li class=\"delicious-gallery-item  \"><a class=\"not-link dt-lightbox-gallery\" title=\"Capilla de la Misericordia\" href=\"https:\/\/www.turismoarcos.es\/wp-content\/uploads\/2021\/03\/capilla-de-la-misericordia-2.jpg\"><img loading=\"lazy\" decoding=\"async\" class=\"no-lazy\" src=\"https:\/\/www.turismoarcos.es\/wp-content\/uploads\/2021\/03\/capilla-de-la-misericordia-2-490x380.jpg\" width=\"599\" height=\"800\" alt=\"Capilla de la Misericordia\" \/><div class=\"delicious-gallery-on-hover\"><span class=\"is-alt-text\">Capilla de la Misericordia<\/span><\/div><\/a><\/li><li class=\"delicious-gallery-item  \"><a class=\"not-link dt-lightbox-gallery\" title=\"Capilla de la Misericordia\" href=\"https:\/\/www.turismoarcos.es\/wp-content\/uploads\/2021\/03\/capilla-de-la-misericordia-3.jpg\"><img loading=\"lazy\" decoding=\"async\" class=\"no-lazy\" src=\"https:\/\/www.turismoarcos.es\/wp-content\/uploads\/2021\/03\/capilla-de-la-misericordia-3-490x380.jpg\" width=\"800\" height=\"600\" alt=\"Capilla de la Misericordia\" \/><div class=\"delicious-gallery-on-hover\"><span class=\"is-alt-text\">Capilla de la Misericordia<\/span><\/div><\/a><\/li><\/ul><\/div>[\/vc_column][\/vc_row][vc_row][vc_column][vc_empty_space][vc_separator color=&#8221;green&#8221;][\/vc_column][\/vc_row][vc_row full_width=&#8221;stretch_row_content_no_spaces&#8221; equal_height=&#8221;yes&#8221;][vc_column width=&#8221;1\/2&#8243; css=&#8221;.vc_custom_1623915577822{padding-top: 150px !important;padding-bottom: 150px !important;background-image: url(http:\/\/nueva.turismoarcos.es\/wp-content\/uploads\/2021\/03\/san-miguel_01.jpg?id=1904) !important;background-position: center !important;background-repeat: no-repeat !important;background-size: cover !important;}&#8221;][\/vc_column][vc_column width=&#8221;1\/2&#8243; dt_animation=&#8221;wow fadeInUp&#8221; css=&#8221;.vc_custom_1497331211586{padding-top: 100px !important;padding-right: 80px !important;padding-bottom: 80px !important;padding-left: 80px !important;background-color: #fafafa !important;}&#8221; dt_animation_delay=&#8221;0.3&#8243;]<div class=\"title-center\"><div class=\"dt-title-wrapper section-title-big style-1\"><h2 class=\"section-title\">L'\u00c9glise de San Miguel<\/h2><svg class=\"zigzag\" version=\"1.1\" xmlns=\"http:\/\/www.w3.org\/2000\/svg\" xmlns:xlink=\"http:\/\/www.w3.org\/1999\/xlink\" preserveAspectRatio=\"xMidYMid meet\" viewBox=\"0 0 90 8\" width=\"90\" height=\"8\"><defs><path d=\"M90 8L82.5 0L75 8L67.5 0L60 8L52.5 0L45 8L37.5 0L30 8L22.5 0L15 8L7.5 0L0 8\" id=\"a6L8UcKib\"><\/path><\/defs><g><g><use xlink:href=\"#a6L8UcKib\" opacity=\"1\" fill-opacity=\"0\" stroke=\"#000000\" stroke-width=\"1\" stroke-opacity=\"1\"><\/use><\/g><\/g><\/svg><\/div><\/div>[vc_column_text]<\/p>\r\n<p>Ancienne forteresse arabe jusqu\u2019au XV<sup>e<\/sup> si\u00e8cle, lorsqu&#8217;elle fut transform\u00e9e en ermitage, elle fut aussi une \u00e9glise et un orphelinat pour les jeunes filles. Actuellement, elle est ferm\u00e9e au culte et elle est utilis\u00e9e comme salle d&#8217;expositions et conf\u00e9rences.<\/p>\r\n<p><strong>Adresse<\/strong> : rue Corredera s. n.<\/p>\r\n<p><strong>Horaire des visites<\/strong> :<\/p>\r\n<p>Travaux de Restautation<\/p>\r\n<p>[\/vc_column_text][vc_empty_space height=&#8221;40px&#8221;]<div id=\"dt-gallery-eeb\" class=\"delicious-gallery-wrapper\" data-token=\"paBIO\"><ul class=\"delicious-gallery isotope dt-gallery is-grid dt-gap-20\"><li class=\"delicious-gallery-item  \"><a class=\"not-link dt-lightbox-gallery\" title=\"Iglesia de San Miguel\" href=\"https:\/\/www.turismoarcos.es\/wp-content\/uploads\/2021\/03\/san-miguel_02.jpg\"><img loading=\"lazy\" decoding=\"async\" class=\"no-lazy\" src=\"https:\/\/www.turismoarcos.es\/wp-content\/uploads\/2021\/03\/san-miguel_02-490x380.jpg\" width=\"800\" height=\"533\" alt=\"Iglesia de San Miguel\" \/><div class=\"delicious-gallery-on-hover\"><span class=\"is-alt-text\">Iglesia de San Miguel<\/span><\/div><\/a><\/li><li class=\"delicious-gallery-item  \"><a class=\"not-link dt-lightbox-gallery\" title=\"Iglesia de San Miguel\" href=\"https:\/\/www.turismoarcos.es\/wp-content\/uploads\/2021\/03\/san-miguel_01.jpg\"><img loading=\"lazy\" decoding=\"async\" class=\"no-lazy\" src=\"https:\/\/www.turismoarcos.es\/wp-content\/uploads\/2021\/03\/san-miguel_01-490x380.jpg\" width=\"800\" height=\"533\" alt=\"Iglesia de San Miguel\" \/><div class=\"delicious-gallery-on-hover\"><span class=\"is-alt-text\">Iglesia de San Miguel<\/span><\/div><\/a><\/li><li class=\"delicious-gallery-item  \"><a class=\"not-link dt-lightbox-gallery\" title=\"Iglesia de San Miguel\" href=\"https:\/\/www.turismoarcos.es\/wp-content\/uploads\/2021\/03\/san-miguel_03.jpg\"><img loading=\"lazy\" decoding=\"async\" class=\"no-lazy\" src=\"https:\/\/www.turismoarcos.es\/wp-content\/uploads\/2021\/03\/san-miguel_03-490x380.jpg\" width=\"533\" height=\"800\" alt=\"Iglesia de San Miguel\" \/><div class=\"delicious-gallery-on-hover\"><span class=\"is-alt-text\">Iglesia de San Miguel<\/span><\/div><\/a><\/li><\/ul><\/div>[\/vc_column][\/vc_row][vc_row][vc_column][vc_empty_space][vc_separator color=&#8221;green&#8221;][\/vc_column][\/vc_row][vc_row full_width=&#8221;stretch_row_content_no_spaces&#8221; equal_height=&#8221;yes&#8221;][vc_column width=&#8221;1\/2&#8243; css=&#8221;.vc_custom_1632138210818{padding-top: 150px !important;padding-bottom: 150px !important;background-image: url(http:\/\/nueva.turismoarcos.es\/wp-content\/uploads\/2021\/09\/VictorMarin01.jpg?id=3081) !important;background-position: center !important;background-repeat: no-repeat !important;background-size: cover !important;}&#8221;][\/vc_column][vc_column width=&#8221;1\/2&#8243; dt_animation=&#8221;wow fadeInUp&#8221; css=&#8221;.vc_custom_1497331211586{padding-top: 100px !important;padding-right: 80px !important;padding-bottom: 80px !important;padding-left: 80px !important;background-color: #fafafa !important;}&#8221; dt_animation_delay=&#8221;0.3&#8243;]<div class=\"title-center\"><div class=\"dt-title-wrapper section-title-big style-1\"><h2 class=\"section-title\">Fondation V\u00edctor Mar\u00edn<\/h2><svg class=\"zigzag\" version=\"1.1\" xmlns=\"http:\/\/www.w3.org\/2000\/svg\" xmlns:xlink=\"http:\/\/www.w3.org\/1999\/xlink\" preserveAspectRatio=\"xMidYMid meet\" viewBox=\"0 0 90 8\" width=\"90\" height=\"8\"><defs><path d=\"M90 8L82.5 0L75 8L67.5 0L60 8L52.5 0L45 8L37.5 0L30 8L22.5 0L15 8L7.5 0L0 8\" id=\"a6L8UcKib\"><\/path><\/defs><g><g><use xlink:href=\"#a6L8UcKib\" opacity=\"1\" fill-opacity=\"0\" stroke=\"#000000\" stroke-width=\"1\" stroke-opacity=\"1\"><\/use><\/g><\/g><\/svg><\/div><\/div>[vc_column_text css=&#8221;&#8221;]<\/p>\r\n<p>La Fondation V\u00edctor Mar\u00edn fut cr\u00e9\u00e9e par l&#8217;Office de culture de la Mairie d&#8217;Arcos de la Frontera ; elle comprend tout l&#8217;h\u00e9ritage photographique, documentaire et litt\u00e9raire de l&#8217;auteur V\u00edctor Mar\u00edn Solano.<\/p>\r\n<p>Le but de cette fondation consiste \u00e0 inventorier, num\u00e9riser, conserver et faire conna\u00eetre cet h\u00e9ritage culturel, indispensable pour conna\u00eetre l&#8217;histoire graphique de notre ville gr\u00e2ce \u00e0 des expositions, des publications, etc. et en m\u00eame temps promouvoir la passion de la photographie au moyen de la cr\u00e9ation du Prix de la photographie V\u00edctor Mar\u00edn et le Prix de la photographie scolaire V\u00edctor Mar\u00edn.<\/p>\r\n<p>V\u00edctor Mar\u00edn Solano naquit \u00e0 Valtierra, ville de la province de Navarre, en 1911. Il s&#8217;\u00e9tablit comme pharmacien \u00e0 Arcos et il exer\u00e7a sa profession jusqu&#8217;\u00e0 sa retraite en 1984. \u00c0 part sa profession, il d\u00e9dia toute sa vie \u00e0 d&#8217;autres activit\u00e9s en faveur de l&#8217;art et la culture d&#8217;Arcos. Le 9 d\u00e9cembre 1982 il fut nomm\u00e9 Fils adoptif de la ville gr\u00e2ce \u00e0 sa qualit\u00e9 humaine et sa contribution en faveur d&#8217;Arcos et sa culture.<\/p>\r\n<p><strong>Adresse<\/strong> : 2 rue San Pedro (dans le Palais del Mayorazgo)<\/p>\r\n<p><strong>Horaire des visites<\/strong> :<\/p>\r\n<p class=\"tw-data-text tw-text-large tw-ta\" dir=\"ltr\" data-placeholder=\"Traducci\u00f3n\" aria-label=\"Texto traducido\" data-ved=\"2ahUKEwjdjfi53_mHAxXlRPEDHQBTAuwQ3ewLegQIBxAU\"><span class=\"Y2IQFc\" lang=\"fr\">L<\/span><span class=\"Y2IQFc\" lang=\"fr\">undi:\u00a0 \u00a0 \u00a0 \u00a0 \u00a0 \u00a0 \u00a0 \u00a0 \u00a0 \u00a0 \u00a0 \u00a0 \u00a0 \u00a0 \u00a0 \u00a0 \u00a0 de 10h00 \u00e0 14h30<\/span><\/p>\r\n<p id=\"tw-target-text\" class=\"tw-data-text tw-text-large tw-ta\" dir=\"ltr\" tabindex=\"-1\" role=\"text\" data-placeholder=\"Traducci\u00f3n\" data-ved=\"2ahUKEwiT4qK66IeQAxU93gIHHWXMAEEQ3ewLegQIChAV\" aria-label=\"Texto traducido: du mardi au jeudi\"><span class=\"Y2IQFc\" lang=\"fr\">Du mardi au samedi<\/span><span class=\"Y2IQFc\" lang=\"fr\">:\u00a0 \u00a0 \u00a0de 9h00 \u00e0 19h30\u00a0<\/span><\/p>\r\n<p dir=\"ltr\" data-placeholder=\"Traducci\u00f3n\" aria-label=\"Texto traducido\" data-ved=\"2ahUKEwjdjfi53_mHAxXlRPEDHQBTAuwQ3ewLegQIBxAU\">Dimanche:\u00a0 \u00a0 \u00a0 \u00a0 \u00a0 \u00a0 \u00a0 \u00a0 \u00a0 \u00a0 \u00a0 \u00a0 \u00a0 de 10h00 \u00e0 14h30<\/p>\r\n<p dir=\"ltr\" data-placeholder=\"Traducci\u00f3n\" aria-label=\"Texto traducido\" data-ved=\"2ahUKEwjdjfi53_mHAxXlRPEDHQBTAuwQ3ewLegQIBxAU\">Gratuit<\/p>\r\n<p><strong>Plus d&#8217;information<\/strong> : Office de culture\u00a0: T\u00e9l. +34 956 70 30 13<\/p>\r\n<p><a href=\"mailto:cultura@arcosdelafrontera.es\">cultura@arcosdelafrontera.es<\/a><\/p>\r\n<p>[\/vc_column_text][vc_empty_space height=&#8221;40px&#8221;][\/vc_column][\/vc_row][vc_row][vc_column][vc_empty_space][vc_separator color=&#8221;green&#8221;][\/vc_column][\/vc_row][vc_row full_width=&#8221;stretch_row_content_no_spaces&#8221; equal_height=&#8221;yes&#8221;][vc_column width=&#8221;1\/2&#8243; css=&#8221;.vc_custom_1623842567951{padding-top: 150px !important;padding-bottom: 150px !important;background-image: url(http:\/\/nueva.turismoarcos.es\/wp-content\/uploads\/2021\/03\/ARCOS.2-191.jpg?id=2156) !important;background-position: center !important;background-repeat: no-repeat !important;background-size: cover !important;}&#8221;][\/vc_column][vc_column width=&#8221;1\/2&#8243; dt_animation=&#8221;wow fadeInUp&#8221; css=&#8221;.vc_custom_1497331211586{padding-top: 100px !important;padding-right: 80px !important;padding-bottom: 80px !important;padding-left: 80px !important;background-color: #fafafa !important;}&#8221; dt_animation_delay=&#8221;0.3&#8243;]<div class=\"title-center\"><div class=\"dt-title-wrapper section-title-big style-1\"><h2 class=\"section-title\">La Pinacoth\u00e8que<\/h2><svg class=\"zigzag\" version=\"1.1\" xmlns=\"http:\/\/www.w3.org\/2000\/svg\" xmlns:xlink=\"http:\/\/www.w3.org\/1999\/xlink\" preserveAspectRatio=\"xMidYMid meet\" viewBox=\"0 0 90 8\" width=\"90\" height=\"8\"><defs><path d=\"M90 8L82.5 0L75 8L67.5 0L60 8L52.5 0L45 8L37.5 0L30 8L22.5 0L15 8L7.5 0L0 8\" id=\"a6L8UcKib\"><\/path><\/defs><g><g><use xlink:href=\"#a6L8UcKib\" opacity=\"1\" fill-opacity=\"0\" stroke=\"#000000\" stroke-width=\"1\" stroke-opacity=\"1\"><\/use><\/g><\/g><\/svg><\/div><\/div>[vc_column_text css=&#8221;&#8221;]<\/p>\r\n<p>L&#8217;arri\u00e8re du Palais del Mayorazgo est occup\u00e9e par une Pinacoth\u00e8que municipale comprenant les \u0153uvres d&#8217;artistes locaux et les premiers prix du Concours de peinture Ciudad de Arcos.<\/p>\r\n<p><strong>Adresse<\/strong>\u00a0: Rue Maldonado s. n.<\/p>\r\n<p><strong>HORAIRES DES VISITES<\/strong>\u00a0:<\/p>\r\n<p class=\"tw-data-text tw-text-large tw-ta\" dir=\"ltr\" data-placeholder=\"Traducci\u00f3n\" aria-label=\"Texto traducido\" data-ved=\"2ahUKEwjdjfi53_mHAxXlRPEDHQBTAuwQ3ewLegQIBxAU\"><span class=\"Y2IQFc\" lang=\"fr\">L<\/span><span class=\"Y2IQFc\" lang=\"fr\">undi:\u00a0 \u00a0 \u00a0 \u00a0 \u00a0 \u00a0 \u00a0 \u00a0 \u00a0 \u00a0 \u00a0 \u00a0 \u00a0 \u00a0 \u00a0 \u00a0 \u00a0 \u00a0de 10h00 \u00e0 14h30<\/span><\/p>\r\n<p id=\"tw-target-text\" class=\"tw-data-text tw-text-large tw-ta\" dir=\"ltr\" tabindex=\"-1\" role=\"text\" data-placeholder=\"Traducci\u00f3n\" data-ved=\"2ahUKEwiT4qK66IeQAxU93gIHHWXMAEEQ3ewLegQIChAV\" aria-label=\"Texto traducido: du mardi au jeudi\"><span class=\"Y2IQFc\" lang=\"fr\">Du mardi au samedi<\/span><span class=\"Y2IQFc\" lang=\"fr\">:\u00a0 \u00a0 \u00a0 \u00a0de 9h00 \u00e0 19h30\u00a0<\/span><\/p>\r\n<p dir=\"ltr\" data-placeholder=\"Traducci\u00f3n\" aria-label=\"Texto traducido\" data-ved=\"2ahUKEwjdjfi53_mHAxXlRPEDHQBTAuwQ3ewLegQIBxAU\">Dimanche:\u00a0 \u00a0 \u00a0 \u00a0 \u00a0 \u00a0 \u00a0 \u00a0 \u00a0 \u00a0 \u00a0 \u00a0 \u00a0 \u00a0 \u00a0de 10h00 \u00e0 14h30<\/p>\r\n<p dir=\"ltr\" data-placeholder=\"Traducci\u00f3n\" aria-label=\"Texto traducido\" data-ved=\"2ahUKEwjdjfi53_mHAxXlRPEDHQBTAuwQ3ewLegQIBxAU\">Gratuit<\/p>\r\n<p><strong>Plus d&#8217;information<\/strong> : Office de culture\u00a0:T\u00e9l. +34 956 70 30 13<\/p>\r\n<p><a href=\"mailto:cultura@arcosdelafrontera.es\">cultura@arcosdelafrontera.es<\/a><\/p>\r\n<p>[\/vc_column_text][vc_empty_space height=&#8221;40px&#8221;]<div id=\"dt-gallery-fab\" class=\"delicious-gallery-wrapper\" data-token=\"iML4d\"><ul class=\"delicious-gallery isotope dt-gallery is-grid dt-gap-20\"><li class=\"delicious-gallery-item  \"><a class=\"not-link dt-lightbox-gallery\" title=\"\" href=\"https:\/\/www.turismoarcos.es\/wp-content\/uploads\/2021\/03\/ARCOS.2-189.jpg\"><img loading=\"lazy\" decoding=\"async\" class=\"no-lazy\" src=\"https:\/\/www.turismoarcos.es\/wp-content\/uploads\/2021\/03\/ARCOS.2-189-490x380.jpg\" width=\"800\" height=\"533\" alt=\"\" \/><div class=\"delicious-gallery-on-hover\"><svg version=\"1.1\" x=\"0px\" y=\"0px\" viewBox=\"0 0 100 125\"><g transform=\"translate(0,-952.36218)\"><path style=\"font-size:medium;font-style:normal;font-variant:normal;font-weight:normal;font-stretch:normal;text-indent:0;text-align:start;text-decoration:none;line-height:normal;letter-spacing:normal;word-spacing:normal;text-transform:none;direction:ltr;block-progression:tb;writing-mode:lr-tb;text-anchor:start;baseline-shift:baseline;opacity:1;color:#000000;fill:#000000;fill-opacity:1;stroke:none;stroke-width:2;marker:none;visibility:visible;display:inline;overflow:visible;enable-background:accumulate;font-family:Sans;-inkscape-font-specification:Sans\" d=\"M 49.875 6.96875 A 1.0001 1.0001 0 0 0 49 8 L 49 49 L 8 49 A 1.0001 1.0001 0 0 0 7.8125 49 A 1.0043849 1.0043849 0 0 0 8 51 L 49 51 L 49 92 A 1.0001 1.0001 0 1 0 51 92 L 51 51 L 92 51 A 1.0001 1.0001 0 1 0 92 49 L 51 49 L 51 8 A 1.0001 1.0001 0 0 0 49.875 6.96875 z \" transform=\"translate(0,952.36218)\"\/><\/g><\/svg><\/div><\/a><\/li><li class=\"delicious-gallery-item  \"><a class=\"not-link dt-lightbox-gallery\" title=\"PINACOTECA\" href=\"https:\/\/www.turismoarcos.es\/wp-content\/uploads\/2021\/03\/ARCOS.2-191.jpg\"><img loading=\"lazy\" decoding=\"async\" class=\"no-lazy\" src=\"https:\/\/www.turismoarcos.es\/wp-content\/uploads\/2021\/03\/ARCOS.2-191-490x380.jpg\" width=\"800\" height=\"533\" alt=\"PINACOTECA\" \/><div class=\"delicious-gallery-on-hover\"><span class=\"is-alt-text\">PINACOTECA<\/span><\/div><\/a><\/li><\/ul><\/div>[\/vc_column][\/vc_row][vc_row][vc_column][vc_empty_space][vc_separator color=&#8221;green&#8221;][\/vc_column][\/vc_row][vc_row full_width=&#8221;stretch_row_content_no_spaces&#8221; equal_height=&#8221;yes&#8221;][vc_column width=&#8221;1\/2&#8243; css=&#8221;.vc_custom_1623918048309{padding-top: 150px !important;padding-bottom: 150px !important;background-image: url(http:\/\/nueva.turismoarcos.es\/wp-content\/uploads\/2021\/06\/Galerias-de-arte-2.jpg?id=2197) !important;background-position: center !important;background-repeat: no-repeat !important;background-size: cover !important;}&#8221;][\/vc_column][vc_column width=&#8221;1\/2&#8243; dt_animation=&#8221;wow fadeInUp&#8221; css=&#8221;.vc_custom_1497331211586{padding-top: 100px !important;padding-right: 80px !important;padding-bottom: 80px !important;padding-left: 80px !important;background-color: #fafafa !important;}&#8221; dt_animation_delay=&#8221;0.3&#8243;]<div class=\"title-center\"><div class=\"dt-title-wrapper section-title-big style-1\"><h2 class=\"section-title\">Des Galeries D\u00b4Art<\/h2><svg class=\"zigzag\" version=\"1.1\" xmlns=\"http:\/\/www.w3.org\/2000\/svg\" xmlns:xlink=\"http:\/\/www.w3.org\/1999\/xlink\" preserveAspectRatio=\"xMidYMid meet\" viewBox=\"0 0 90 8\" width=\"90\" height=\"8\"><defs><path d=\"M90 8L82.5 0L75 8L67.5 0L60 8L52.5 0L45 8L37.5 0L30 8L22.5 0L15 8L7.5 0L0 8\" id=\"a6L8UcKib\"><\/path><\/defs><g><g><use xlink:href=\"#a6L8UcKib\" opacity=\"1\" fill-opacity=\"0\" stroke=\"#000000\" stroke-width=\"1\" stroke-opacity=\"1\"><\/use><\/g><\/g><\/svg><\/div><\/div>[vc_column_text]<\/p>\r\n<ul>\r\n<li><strong>Galerie d&#8217;art &#8220;Arx-Arcis&#8221;<\/strong><\/li>\r\n<\/ul>\r\n<p>11 rue Marqu\u00e9s de Torresoto &#8211;\u00a0 arx-arcis@hotmail.com<\/p>\r\n<ul>\r\n<li><strong>Cer\u00e1mique &#8220;Ram\u00f3n Carrillo&#8221;<\/strong><\/li>\r\n<\/ul>\r\n<p>15 rue Boticas<\/p>\r\n<ul>\r\n<li><strong>Galerie d&#8217;art &#8220;San Pedro&#8221;<\/strong><\/li>\r\n<\/ul>\r\n<p>7 rue San Pedro &#8211; gasanpedro@yahoo.es<\/p>\r\n<ul>\r\n<li><strong>Galerie d&#8217;art &#8220;La Merced&#8221;<\/strong><\/li>\r\n<\/ul>\r\n<p>1o rue Marqu\u00e9s de Torresoto &#8211;\u00a0 gasanpedro@yahoo.es<\/p>\r\n<p>[\/vc_column_text][vc_empty_space height=&#8221;40px&#8221;][\/vc_column][\/vc_row][vc_row full_width=&#8221;stretch_row&#8221; css=&#8221;.vc_custom_1497330579291{padding-top: 30px !important;padding-bottom: 35px !important;background-color: #ededed !important;}&#8221;][vc_column width=&#8221;1\/12&#8243;][\/vc_column][vc_column width=&#8221;7\/12&#8243;][vc_custom_heading text=&#8221;As-tu un doute?&#8221; font_container=&#8221;tag:p|font_size:36px|text_align:left|color:%23323232|line_height:42px&#8221; use_theme_fonts=&#8221;yes&#8221; css_animation=&#8221;fadeInUp&#8221;][\/vc_column][vc_column css_animation=&#8221;none&#8221; width=&#8221;3\/12&#8243; dt_animation=&#8221;wow fadeInUp&#8221; dt_animation_delay=&#8221;0.4&#8243;]<div class=\"button-right\"><a  class=\"dt-button green  round  dt-icon-left\" href=\"#\"><i class=\"fa fa-paper-plane-o\"><\/i>FORMULAIRE DE CONTACT<\/a><\/div>[\/vc_column][vc_column width=&#8221;1\/12&#8243;][\/vc_column][\/vc_row]<\/p><\/div>","protected":false},"excerpt":{"rendered":"<p>[vc_row full_width=&#8221;stretch_row&#8221; parallax=&#8221;content-moving-fade&#8221; parallax_image=&#8221;3021&#8243; el_id=&#8221;about-us&#8221; dt_color=&#8221;#4dbb67&#8243; dt_color_opacity=&#8221;70&#8243; css=&#8221;.vc_custom_1632124588900{padding-top: 300px !important;padding-bottom: 50px !important;}&#8221;][vc_column width=&#8221;1\/6&#8243;][\/vc_column][vc_column width=&#8221;2\/3&#8243; dt_animation=&#8221;wow fadeInUp&#8221; dt_animation_delay=&#8221;0.3&#8243;][vc_raw_html]JTNDcCUyMGNsYXNzJTNEJTIybW9yYS1zdWJ0aXRsZSUyMGFsaWduY2VudGVyJTIyJTNFVGllcnJhJTIwZGUlMjB0YWxlbnRvcy4lM0MlMkZwJTNF[\/vc_raw_html][\/vc_column][vc_column width=&#8221;1\/6&#8243;][\/vc_column][\/vc_row][vc_row][vc_column][vc_column_text]&#8230; <a class=\"excerpt-read-more\" href=\"https:\/\/www.turismoarcos.es\/fr\/espacios-culturales\/\"><span>Read More<\/span><\/a><\/p>\n","protected":false},"author":1,"featured_media":0,"parent":0,"menu_order":0,"comment_status":"closed","ping_status":"closed","template":"","meta":{"footnotes":""},"class_list":["post-6666","page","type-page","status-publish","hentry"],"_links":{"self":[{"href":"https:\/\/www.turismoarcos.es\/fr\/wp-json\/wp\/v2\/pages\/6666","targetHints":{"allow":["GET"]}}],"collection":[{"href":"https:\/\/www.turismoarcos.es\/fr\/wp-json\/wp\/v2\/pages"}],"about":[{"href":"https:\/\/www.turismoarcos.es\/fr\/wp-json\/wp\/v2\/types\/page"}],"author":[{"embeddable":true,"href":"https:\/\/www.turismoarcos.es\/fr\/wp-json\/wp\/v2\/users\/1"}],"replies":[{"embeddable":true,"href":"https:\/\/www.turismoarcos.es\/fr\/wp-json\/wp\/v2\/comments?post=6666"}],"version-history":[{"count":35,"href":"https:\/\/www.turismoarcos.es\/fr\/wp-json\/wp\/v2\/pages\/6666\/revisions"}],"predecessor-version":[{"id":18136,"href":"https:\/\/www.turismoarcos.es\/fr\/wp-json\/wp\/v2\/pages\/6666\/revisions\/18136"}],"wp:attachment":[{"href":"https:\/\/www.turismoarcos.es\/fr\/wp-json\/wp\/v2\/media?parent=6666"}],"curies":[{"name":"wp","href":"https:\/\/api.w.org\/{rel}","templated":true}]}}